{"id":6347,"date":"2021-07-05T13:17:46","date_gmt":"2021-07-05T11:17:46","guid":{"rendered":"http:\/\/www.obalne-galerije.si\/?page_id=6347"},"modified":"2026-01-28T21:33:29","modified_gmt":"2026-01-28T20:33:29","slug":"direzione-attuale","status":"publish","type":"page","link":"https:\/\/www.obalne-galerije.si\/it\/su-di-noi\/direzione-attuale\/","title":{"rendered":"Nuova direzione"},"content":{"rendered":"<p><section class=\"kc-elm kc-css-362298 kc_row\"><div class=\"kc-row-container  kc-container\"><div class=\"kc-wrap-columns\"><div class=\"kc-elm kc-css-540486 kc_col-sm-6 kc_column kc_col-sm-6\"><div class=\"kc-col-container\"><div class=\"kc-elm kc-css-807159 kc_shortcode kc_single_image\">\n\n        <img decoding=\"async\" src=\"https:\/\/www.obalne-galerije.si\/wp-content\/uploads\/2024\/03\/IMG_0238-1-scaled.jpg\" class=\"\" alt=\"\" \/>    <\/div>\n<div class=\"kc-elm kc-css-751534\" style=\"height: 20px; clear: both; width:100%;\"><\/div><\/div><\/div><div class=\"kc-elm kc-css-729979 kc_col-sm-6 kc_column kc_col-sm-6\"><div class=\"kc-col-container\"><div class=\"kc-elm kc-css-249098 kc_text_block\"><\/p>\n<p>\nMara Ambro\u017ei\u010d Verderber \u00e8 esperta in gestione delle istituzioni museali, curatrice e critica d\u2019arte contemporanea. Originaria del litorale sloveno, ha maturato la sua esperienza nel campo dell\u2019arte contemporanea in Europa, Inghilterra, Africa, Stati Uniti e Canada. Dopo gli studi all\u2019Accademia di Belle Arti di Venezia, ha conseguito un master presso la Facolt\u00e0 di Arti e Design dell\u2019Universit\u00e0 IUAV di Venezia, e negli ultimi anni \u00e8 stata insignita di una borsa di studio dalla rinomata universit\u00e0 LJMU School of Art and Design di Liverpool per la sua ricerca di dottorato.<\/p>\n<p>Nel corso della sua carriera ha guidato e preso parte allo sviluppo di oltre 15 organizzazioni artistiche internazionali, spazi museali, istituzioni accademiche e networks, tra cui il programma pubblico della durata di 5 anni\u00a0<i>Ateliers<\/i>\u00a0(Fondazione Bevilacqua la Masa, Venezia); il programma internazionale\u00a0<i>Art Enclosures<\/i>\u00a0(Fondazione di Venezia, 2008-2013) che ha diretto per quattro anni e che ha incluso anche 34 produzioni culturali presentate in un\u2019omonima pubblicazione bilingue (Marsilio Editore, Venezia, 2012. Nel 2015 diventa direttrice dell\u2019organizzazione NSK e assume la guida del padiglione nazionale NSK per svilupparne e implementarne la strategia progettuale. Negli ultimi anni ha curato vari progetti e collaborato con rinomati artisti ed esperti internazionali. Tra questi si citano la collaborazione con Tobias Putrih al padiglione sloveno della 52esima Biennale di Venezia del 2007 (curato da Francesco Manacorda) e\u00a0<i>States of Opacity: the 12th edition of the Biennial Dakar<\/i>\u00a0nel 2015 (un forum curato insieme a Elvira D. Ose della Stanford University, USA). Come ricercatrice e curatrice \u00e8 stata responsabile della curatela del materiale per la prima ampia ricostruzione storica del<i>\u00a0Musee d\u2019Art Moderne \u2013 Section des Figures<\/i>\u00a0(1972), dedicata all\u2019artista belga e iniziatore della critica istituzionale Marcel Broodthaers (Monnaie de Paris, febbraio-maggio 2015).<\/p>\n<p>Ha insegnato al Master in progettazione artistica dell\u2019Universit\u00e0 IUAV di Venezia (2007-2012) tenendo lezioni di \u201cTeoria dell\u2019arte e critica dell\u2019industria culturale\" insieme alla prof.ssa Marta Kuzma (rettrice della School of Art della Yale University CT). \u00c8 stata docente in visita presso la Sciences Po University di Parigi (2013) in cui ha tenuto lezioni al Master in comunicazione. In oltre una decade ha pubblicato numerosi saggi e articoli accademici in italiano, francese e inglese, alcuni di essi sono stati tradotti in tedesco, polacco e portoghese. Negli ultimi dieci anni \u00e8 stata autrice e co-autrice di diversi libri pubblicati da case editrici internazionali, tra cui\u00a0<i>Art as a Thinking Process. Visual Forms of Knowledge<\/i>\u00a0(Sternberg Press, Berlin, 2013). Dal 2013 \u00e8 membro del comitato editoriale della casa editrice Archive Books di Berlino.<\/p>\n<p>\n<\/div><\/div><\/div><\/div><\/div><\/section><section class=\"kc-elm kc-css-543382 kc_row\"><div class=\"kc-row-container  kc-container\"><div class=\"kc-wrap-columns\"><div class=\"kc-elm kc-css-544242 kc_col-sm-12 kc_column kc_col-sm-12\"><div class=\"kc-col-container\"><div class=\"kc-elm kc-css-8802\" style=\"height: 50px; clear: both; width:100%;\"><\/div><\/div><\/div><\/div><\/div><\/section><section class=\"kc-elm kc-css-688313 kc_row\"><div class=\"kc-row-container  kc-container\"><div class=\"kc-wrap-columns\"><div class=\"kc-elm kc-css-943331 kc_col-sm-12 kc_column kc_col-sm-12\"><div class=\"kc-col-container\"><div class=\"kc-elm kc-css-628921 kc_accordion_wrapper\">\n<div class=\"kc-elm kc-css-974254 kc_accordion_section group \"><h3 class=\"kc_accordion_header ui-accordion-header\"><span class=\"ui-accordion-header-icon ui-icon\"><\/span><a href=\"#selezione-di-pubblicazioni-e-cataloghi\" data-prevent=\"scroll\"><i class=\"\"><\/i> Selezione di pubblicazioni e cataloghi<\/a><\/h3><div class=\"kc_accordion_content ui-accordion-content kc_clearfix\"><div class=\"kc-panel-body\">\n<div class=\"kc-elm kc-css-834785 kc-title-wrap \">\n\n\t<h4 class=\"kc_title\">Selezione di pubblicazioni e cataloghi<\/h4>\n<\/div>\n<div class=\"kc-elm kc-css-258420 kc_text_block\"><\/p>\n<p>\nAmbro\u017ei\u010d, Mara, A. Chaguidouline, N. Guastamacchia, A. K\u00f8lb\u00e6k Iversen, et all., <em>10 Contemporary Research Intensive. The Contemporary Condition series 10<\/em> (Berlin: Sternberg Press, in collaborazione con Aarhus University e ARoS Aarhus Art Museum, 2018).<\/p>\n<p>Ambro\u017ei\u010d, Mara, a cura di, <em>NSK State Pavilion Newspaper<\/em> (Ljubljana: NSK editions, 2017).<\/p>\n<p>Ambro\u017ei\u010d, Mara, <em>PHYSIC \/ PSYCHIC<\/em>. V<em>incent Ceraudo<\/em> (Marseille, 2016: collection ART-O-RAMA, \u00e9ditions Group). (Catalogo dell\u2019artista, francese e inglese).<\/p>\n<p>Ambro\u017ei\u010d, Mara, and Koyo Kouoh, a cura di <em>Condition Report \u2013 Artistic Education in Africa<\/em> (Dakar: RAW Material Company, 2015). (Francese e inglese).<\/p>\n<p>Ambro\u017ei\u010d, Mara, a cura di, <em>Giorgio Andreotta Cal\u00f2. Prima che sia Notte<\/em> (Berlin: Archive Books, e MAXXI Museum Roma, 2014). (Italiano e inglese).<\/p>\n<p>Ambro\u017ei\u010d, Mara e Angela Vettese, a cura di, <em>Art as a Thinking Process. Visual Forms of Knowledge Production<\/em> (Berlin: Sternberg Press, 2013). (Edizione inglese).<\/p>\n<p>Ambro\u017ei\u010d, Mara, a cura di, <em>Art Enclosures. Residencies for International Artists in Venice<\/em> (Venezia: Fondazione di Venezia e Marsilio Editore, 2013). (Inglese e italiano).<\/p>\n<p>Ambro\u017ei\u010d, Mara, a cura di, <em>Atelier BLM<\/em> (Milano: Notebook 2009, Moleskine, 2009).<\/p>\n<p>Ambro\u017ei\u010d, Mara, a cura di, <em>Venetian, Atmospheric<\/em>, catalogo della mostra del padiglione sloveno, 52. Esposizione internazionale d\u2019arte &#8211; La Biennale di Venezia (Ljubljana: Mestna Galerija, Tiskarna Grafos, 2007).<\/p>\n<p>Ambro\u017ei\u010d, Mara e Riccardo Caldura, a cura di, <em>Citying. Pratiche creative del fare citt\u00e0<\/em> (Venezia: Supernova Editore, 2005).<\/p>\n<p>\n<\/div><\/div><\/div><\/div><div class=\"kc-elm kc-css-947122 kc_accordion_section group \"><h3 class=\"kc_accordion_header ui-accordion-header\"><span class=\"ui-accordion-header-icon ui-icon\"><\/span><a href=\"#selezione-di-conferenze-e-interventi\" data-prevent=\"scroll\"><i class=\"\"><\/i> Selezione di conferenze e interventi<\/a><\/h3><div class=\"kc_accordion_content ui-accordion-content kc_clearfix\"><div class=\"kc-panel-body\">\n<div class=\"kc-elm kc-css-710366 kc-title-wrap \">\n\n\t<h4 class=\"kc_title\">Selezione di conferenze e interventi<\/h4>\n<\/div>\n<div class=\"kc-elm kc-css-230579 kc_text_block\"><\/p>\n<p>\n<em>Cities of Culture: Turning Evaluation into Policy,<\/em> The Cities of Culture Post Graduate Forum, Culture, Place, and Policy Institute, University of Hull, giugno 2019.<\/p>\n<p><em>Diagramming Research<\/em>, lezioni e workshops, University of Plymouth, 14\u201315 maggio, 2019.<br \/><em>Culture Entrerprise<\/em>, lezioni per il <em>MA Seminar for curators and professionals<\/em>, organizzato da MA Curating Aarhus University e MA Exhibition Studies LJMU, ERL Lab, ottobre 2018.<\/p>\n<p><em>Controversial Sustainability: Reflections on Post-conceptual Art, Engagement and Cultural Ecology<\/em>, conferenza in occasione di \u201cCONCEPT\/S: Hegel\u2019s Aesthetics\u201d, Museum of Modern Art of Ljubljana, organizzata da Aufhebung Association e University of Ljubljana, gennaio 2018.<\/p>\n<p><em>Contemporary art and production<\/em>, conferenza, MA in Curatorial studies, Sorbonne \u2013 Paris 1, Paris, aprile 2018.<\/p>\n<p><em>East-West. Hybridization and The Legacy of Avant-gardes,<\/em> conferenza, Timisoara Art Museum, Romania, settembre 2017.<\/p>\n<p><em>Not as it seems<\/em>, Montreal MOMENTA | Biennale de l\u2019image, conferenza pubblica, organizzata da Artexte<br \/>Foundation, Montreal, Canada, ottobre 2017.<\/p>\n<p><em style=\"font-family: -apple-system, BlinkMacSystemFont,;\">Cosmism in Russian and Soviet Avantgarde Times<\/em><span style=\"font-style: inherit; font-family: -apple-system, BlinkMacSystemFont,;\">, conferenza e discussione pubblica con Anton Vidokle e Vincent Ceraudo, Centre Georges Pompidou, Paris, maggio 2017.<\/span><\/p>\n<p><em>International cooperation: methods and methodologies<\/em>, conferenza in occasione dell&#039; \u201cInternational Day on Global Migration and Policies\u201d organizzata dalla cooperativa Co.Ges, Mestre e Ca\u2019 Tron, Universit\u00e0 Iuav di Venezia, Benetke, giugno 2017.<\/p>\n<p><em>Paradoxes and Contemporary African Culture(s)<\/em>, Kendell Geers e Mara Ambro\u017ei\u010d, conferenza e conversazione con l\u2019artista, Museum of Contemporary Art (MSUM+), maggio 2016.<\/p>\n<p><em>The Impact of the Bologna Reform \u2013 Educational shifts. The Ideology of Continuous Education<\/em>, conferenza al \u201cEtat de lieux \u2013 Education artistique en Afrique\u201d simposio, RAW Material Company Dakar e il Ministero della cultura della Repubblica del Senegal, giugno 2014.<\/p>\n<p>\n<\/div><\/div><\/div><\/div><div class=\"kc-elm kc-css-876236 kc_accordion_section group \"><h3 class=\"kc_accordion_header ui-accordion-header\"><span class=\"ui-accordion-header-icon ui-icon\"><\/span><a href=\"#selezione-di-simposi-internazionali-eventi-e-workshops\" data-prevent=\"scroll\"><i class=\"\"><\/i> Selezione di Simposi internazionali, eventi e workshops<\/a><\/h3><div class=\"kc_accordion_content ui-accordion-content kc_clearfix\"><div class=\"kc-panel-body\">\n<div class=\"kc-elm kc-css-40182 kc-title-wrap \">\n\n\t<h4 class=\"kc_title\">Selezione di Simposi internazionali, eventi e workshops<\/h4>\n<\/div>\n<div class=\"kc-elm kc-css-958883 kc_text_block\"><\/p>\n<p>\n<em>Lost in the Former West<\/em>, discussione pubblica di Simon Sheikh, organizzata con Exhibition Research Lab, LJMU University, Aarhus University, Aula Magna, Universit\u00e0 Iuav di Venezia, ottobre 2017.<\/p>\n<p>Slavoj \u017di\u017eek, <em>The Courage of Hopelessness<\/em>, NSK Venice Pavilion 2017, Universit\u00e0 Iuav di Venezia, maggio 2017.<\/p>\n<p><em>Workshop \u2013 The Contemporary Condition research project<\/em>, organizzata con Contemporary Aesthetics and Technology research programme, Aarhus University &#038; Exhibition Research Lab, Liverpool John Moores University in collaborazione con la Facolt\u00e0 di Arti Visive dell\u2019Universit\u00e0 Iuav di Venezia, Uniarts Helsinki, ottobre 2017.<\/p>\n<p><em>States of Opacity: Art, Politics and New Social Imaginaries,<\/em> simposio internazionale curato da Elvira Dyangani Ose per la 12esima Dak\u2019Art Biennial, Dakar, maggio 2016.<\/p>\n<p><em>Libraries of the Future,<\/em> serie di lezioni e mostre collettive, Centre Georges Pompidou, Paris, aprile\u2013giugno 2016.<\/p>\n<p><em>Condition Report \u2013 Artistic Education in Africa<\/em>, lezione e moderatrice al simposio internazionale, RAW Material Company Dakar, curato dal Dr Chika Okereke (Princeton University) e Koyo Kouoh (RAW Academy), Dakar, giugno 2014.<\/p>\n<p><em>Quali sono le nuove piattaforme sperimentali per l\u2019insegnamento? (Which are the new experimental artistic educational platforms?),<\/em> conversazione con Francesco Garutti at RE-INVENTING SCHOOL FROM A TO Z33 by Abitare and Z33 at Z33, Milano, Milano Design Week, aprile 2013.<\/p>\n<p><em>Pensee, Voire, Faire<\/em>, conferenza a \u201cArt &#038; Recherche\u201d, simposio sul futuro dell\u2019educazione artistica nell\u2019ambito del ciclo accademico, L\u2019\u00e9cole Nationale Superieure d\u2019architecture de Paris-Belville, Paris, febbraio 2012.<\/p>\n<p><em>Art as a Thinking Process<\/em>, conferenza e moderatrice alla discussione dell\u2019omonimo simposio, Universit\u00e0 Iuav di Venezia, giugno 2011.<\/p>\n<p><em>Constructive Impulse,<\/em> conferenza, Municipal Theater, Triennale de Luanda, Angola, giugno 2010.<\/p>\n<p><em>As the Academy Turns<\/em>, conferenza in occasione dei workshops invernali, Manifesta 8, Murcia, dicembre 2010.<\/p>\n<p><em>Becoming Bologna<\/em>, discussione e moderatrice al simposio internazionale, co-curato con il Dr Mick Wilson (Rettore della Gothenburg University) e Dr Henk Slager (Direttore della Utrecht Academy of Arts), Universit\u00e0 Iuav di Venezia, giugno 2009.<\/p>\n<p>\n<\/div><\/div><\/div><\/div><div class=\"kc-elm kc-css-928921 kc_accordion_section group \"><h3 class=\"kc_accordion_header ui-accordion-header\"><span class=\"ui-accordion-header-icon ui-icon\"><\/span><a href=\"#presentazione-programma-di-direzione-ogp\" data-prevent=\"scroll\"><i class=\"\"><\/i> Presentazione programma di Direzione OGP<\/a><\/h3><div class=\"kc_accordion_content ui-accordion-content kc_clearfix\"><div class=\"kc-panel-body\">\n\t<div class=\"kc-elm kc-css-297546 kc_shortcode kc_video_play kc_video_wrapper\" data-video=\"https:\/\/www.youtube.com\/watch?v=7zRYfkHxTVk\" data-width=\"600\" data-height=\"338.98305084746\" data-fullwidth=\"\" data-autoplay=\"\" data-loop=\"yes\" data-control=\"yes\" data-related=\"\" data-showinfo=\"\" data-kc-video-mute=\"\">\n\t\t\t<\/div>\n\n<div class=\"kc-elm kc-css-973974\" style=\"height: 50px; clear: both; width:100%;\"><\/div><div class=\"kc-elm kc-css-850617 kc_text_block\"><\/p>\n<p><a href=\"https:\/\/www.youtube.com\/watch?v=nhnnwzOZ27Q\">LINK AL VIDEO COMPLETO QUI \u2192<\/a><\/p>\n<\/p>\n<p>\n<\/div><\/div><\/div><\/div><\/div>\n<div class=\"kc-elm kc-css-958172\" style=\"height: 50px; clear: both; width:100%;\"><\/div><\/div><\/div><\/div><\/div><\/section><\/p>\n","protected":false},"excerpt":{"rendered":"","protected":false},"author":1,"featured_media":0,"parent":3992,"menu_order":0,"comment_status":"closed","ping_status":"closed","template":"","meta":{"footnotes":""},"class_list":["post-6347","page","type-page","status-publish","hentry"],"acf":[],"_links":{"self":[{"href":"https:\/\/www.obalne-galerije.si\/it\/wp-json\/wp\/v2\/pages\/6347","targetHints":{"allow":["GET"]}}],"collection":[{"href":"https:\/\/www.obalne-galerije.si\/it\/wp-json\/wp\/v2\/pages"}],"about":[{"href":"https:\/\/www.obalne-galerije.si\/it\/wp-json\/wp\/v2\/types\/page"}],"author":[{"embeddable":true,"href":"https:\/\/www.obalne-galerije.si\/it\/wp-json\/wp\/v2\/users\/1"}],"replies":[{"embeddable":true,"href":"https:\/\/www.obalne-galerije.si\/it\/wp-json\/wp\/v2\/comments?post=6347"}],"version-history":[{"count":6,"href":"https:\/\/www.obalne-galerije.si\/it\/wp-json\/wp\/v2\/pages\/6347\/revisions"}],"predecessor-version":[{"id":26949,"href":"https:\/\/www.obalne-galerije.si\/it\/wp-json\/wp\/v2\/pages\/6347\/revisions\/26949"}],"up":[{"embeddable":true,"href":"https:\/\/www.obalne-galerije.si\/it\/wp-json\/wp\/v2\/pages\/3992"}],"wp:attachment":[{"href":"https:\/\/www.obalne-galerije.si\/it\/wp-json\/wp\/v2\/media?parent=6347"}],"curies":[{"name":"wp","href":"https:\/\/api.w.org\/{rel}","templated":true}]}}