{"id":4343,"date":"2021-06-10T12:29:07","date_gmt":"2021-06-10T10:29:07","guid":{"rendered":"http:\/\/www.obalne-galerije.si\/?page_id=4343"},"modified":"2026-03-23T11:08:13","modified_gmt":"2026-03-23T10:08:13","slug":"ricerca-e-didattica","status":"publish","type":"page","link":"https:\/\/www.obalne-galerije.si\/it\/ricerca-e-didattica\/","title":{"rendered":"Ricerca e didattica"},"content":{"rendered":"<p><section class=\"kc-elm kc-css-537312 kc_row\"><div class=\"kc-row-container  kc-container\"><div class=\"kc-wrap-columns\"><div class=\"kc-elm kc-css-389118 kc_col-sm-6 kc_column kc_col-sm-6\"><div class=\"kc-col-container\"><div class=\"kc-elm kc-css-214688\" style=\"height: 50px; clear: both; width:100%;\"><\/div><div class=\"kc-elm kc-css-654065 kc_shortcode kc_single_image\">\n\n        <img decoding=\"async\" src=\"https:\/\/www.obalne-galerije.si\/wp-content\/uploads\/2023\/03\/329459137_859893088404139_4108758873875943371_n.jpg\" class=\"\" alt=\"\" \/>    <\/div>\n<\/div><\/div><div class=\"kc-elm kc-css-903705 kc_col-sm-6 kc_column kc_col-sm-6\"><div class=\"kc-col-container\"><div class=\"kc-elm kc-css-522465\" style=\"height: 50px; clear: both; width:100%;\"><\/div><div class=\"kc-elm kc-css-908423 kc_text_block\"><\/p>\n<p>\nLe Gallerie Costiere di Pirano sono costantemente impegnate nello sviluppo di una ricca e variegata attivit\u00e0 didattica, al fine di far conoscere le collezioni delle gallerie al pi\u00f9 vasto pubblico possibile.<br \/>L\u2019educazione \u00e8 una delle missioni delle GCP ed avviene attraverso visite guidate, programmi educativi, workshop e laboratori didattici riguardanti le collezioni permanenti e le mostre temporanee. Educare all\u2019arte contemporanea \u00e8 importante per lo sviluppo dell\u2019immaginazione, di una libera espressione creativa, del senso critico e dell\u2019empatia, a qualsiasi et\u00e0, ma in particolare per i pi\u00f9 giovani. Per questa ragione l\u2019istituzione \u00e8 focalizzata sulla creazione di un programma didattico per bambini e ragazzi.<br \/>Le Gallerie collaborano da anni con le scuole di Pirano e delle altre localit\u00e0 del litorale, creando insieme agli insegnanti una programmazione che viene portata avanti non solo durante l\u2019anno scolastico, ma anche in occasione di importanti eventi artistici ricorrenti che fanno ormai parte della tradizione di questi luoghi (come il concorso internazionale di pittura Ex Tempore e il simposio internazionale di scultura Forma viva).<\/p>\n<p>\n<\/div><\/div><\/div><\/div><\/div><\/section><section class=\"kc-elm kc-css-50306 kc_row\"><div class=\"kc-row-container  kc-container\"><div class=\"kc-wrap-columns\"><div class=\"kc-elm kc-css-510105 kc_col-sm-12 kc_column kc_col-sm-12\"><div class=\"kc-col-container\">\n<div class=\"kc-elm kc-css-84903 kc-title-wrap \">\n\n\t<h2 class=\"kc_title\">Progetti di didattica<\/h2>\n<\/div>\n<\/div><\/div><\/div><\/div><\/section><section class=\"kc-elm kc-css-230281 kc_row\"><div class=\"kc-row-container  kc-container\"><div class=\"kc-wrap-columns\"><div class=\"kc-elm kc-css-598133 kc_col-sm-12 kc_column kc_col-sm-12\"><div class=\"kc-col-container\"><div class=\"kc-elm kc-css-817997 kc_text_block\"><\/p>\n<p>\nLa didattica museale \u00e8 oggi uno strumento imprescindibile per le istituzioni culturali, per trasformare i luoghi dell\u2019arte in spazi di crescita e incontro. Le Gallerie Costiere Pirano perseguono questo importante obiettivo per la comunit\u00e0.<\/p>\n<p>\n<\/div><div class=\"kc-elm kc-css-373015\" style=\"height: 50px; clear: both; width:100%;\"><\/div><div class=\"kc-elm kc-css-386402 kc_accordion_wrapper\">\n<div class=\"kc-elm kc-css-478007 kc_accordion_section group \"><h3 class=\"kc_accordion_header ui-accordion-header\"><span class=\"ui-accordion-header-icon ui-icon\"><\/span><a href=\"#2026-%e2%86%92\" data-prevent=\"scroll\"><i class=\"\"><\/i> 2026 \u2192<\/a><\/h3><div class=\"kc_accordion_content ui-accordion-content kc_clearfix\"><div class=\"kc-panel-body\"><div class=\"kc-elm kc-css-62200 kc_text_block\"><\/p>\n<p><a href=\"https:\/\/www.obalne-galerije.si\/it\/celebrazione-di-preseren-con-le-gcp-uno-sguardo-nel-mondo-di-kosovel\/\">CELEBRAZIONE DI PRE\u0160EREN CON LE GCP: UNO SGUARDO NEL MONDO DI KOSOVEL<\/a><\/p>\n<p>\n<\/div><div class=\"kc-elm kc-css-657499 kc_text_block\"><\/p>\n<p><a href=\"https:\/\/www.obalne-galerije.si\/it\/celebrazione-di-preseren-con-le-gcp-uno-sguardo-nel-mondo-di-kosovel-il-mantello-dellimmaginazione\/\">CELEBRAZIONE DI PRE\u0160EREN CON LE GCP : UNO SGUARDO NEL MONDO DI KOSOVEL \u2013 IL MANTELLO DELL\u2019IMMAGINAZIONE\u00a0<\/a><\/p>\n<p>\n<\/div><div class=\"kc-elm kc-css-237390 kc_text_block\"><\/p>\n<p><a href=\"https:\/\/www.obalne-galerije.si\/it\/laboratori-didattici-dallidea-al-prodotto-boom-creativo\/\">LABORATORI DIDATTICI\u00a0DALL\u2019IDEA AL PRODOTTO \u2013 &#8220;BOOM\" CREATIVO<\/a><\/p>\n<p>\n<\/div><div class=\"kc-elm kc-css-285615 kc_text_block\"><\/p>\n<p><a href=\"https:\/\/www.obalne-galerije.si\/it\/collezione-herman-pecaric-nuovo-allestimento-2\/\">COLLEZIONE HERMAN PE\u010cARI\u010c: NUOVO ALLESTIMENTO<\/a><\/p>\n<p>\n<\/div><div class=\"kc-elm kc-css-220295 kc_text_block\"><\/p>\n<p><a href=\"https:\/\/www.obalne-galerije.si\/it\/laboratori-creativi-pasquali\/\">LABORATORI CREATIVI PASQUALI<\/a><\/p>\n<p>\n<\/div><\/div><\/div><\/div><div class=\"kc-elm kc-css-479914 kc_accordion_section group \"><h3 class=\"kc_accordion_header ui-accordion-header\"><span class=\"ui-accordion-header-icon ui-icon\"><\/span><a href=\"#2025-%e2%86%92\" data-prevent=\"scroll\"><i class=\"\"><\/i> 2025 \u2192<\/a><\/h3><div class=\"kc_accordion_content ui-accordion-content kc_clearfix\"><div class=\"kc-panel-body\"><div class=\"kc-elm kc-css-474997 kc_text_block\"><\/p>\n<p><a href=\"https:\/\/www.obalne-galerije.si\/it\/la-giornata-di-preseren-con-le-gcp-come-mi-vedrebbe-preseren\/\">LA GIORNATA DI PRE\u0160EREN CON LE GCP: COME MI VEDREBBE PRE\u0160EREN?<\/a><\/p>\n<p>\n<\/div><div class=\"kc-elm kc-css-65718 kc_text_block\"><\/p>\n<p><a href=\"https:\/\/www.obalne-galerije.si\/it\/piazza-tartini-in-fiore-installazione\/\">PIAZZA TARTINI IN FIORE \u2013 INSTALLAZIONE<\/a><\/p>\n<p>\n<\/div><div class=\"kc-elm kc-css-114752 kc_text_block\"><\/p>\n<p><a href=\"https:\/\/www.obalne-galerije.si\/it\/visita-dei-piu-giovani-nella-galleria-herman-pecaric-2\/\">VISITA DEI PI\u00d9 GIOVANI NELLA GALLERIA HERMAN PE\u010cARI\u010c<\/a><\/p>\n<p>\n<\/div><div class=\"kc-elm kc-css-429586 kc_text_block\"><\/p>\n<p><a href=\"https:\/\/www.obalne-galerije.si\/it\/quando-appare-una-linea-in-mostra-con-il-pittore\/\">QUANDO APPARE UNA LINEA (in mostra con il pittore)<\/a><\/p>\n<p>\n<\/div><div class=\"kc-elm kc-css-322171 kc_text_block\"><\/p>\n<p><a href=\"https:\/\/www.obalne-galerije.si\/it\/gani-llalloshi-nostalgia-laboratori\/\">GANI LLALLOSHI: NOSTALGIA &#8211; LABORATORI<\/a><\/p>\n<p>\n<\/div><div class=\"kc-elm kc-css-901318 kc_text_block\"><\/p>\n<p><a href=\"https:\/\/www.obalne-galerije.si\/it\/laboratori-pedagogici-con-bojan-mijatovic\/\">LABORATORI PEDAGOGICI CON BOJAN MIJATOVI\u0106<\/a><\/p>\n<p>\n<\/div><div class=\"kc-elm kc-css-201881 kc_text_block\"><\/p>\n<p><a href=\"https:\/\/www.obalne-galerije.si\/it\/artlab-medusa-2025-laboratori-pedagogici-e-andragogici\/\">ARTLAB MEDUSA 2025: laboratori pedagogici e andragogici<\/a><\/p>\n<p>\n<\/div><div class=\"kc-elm kc-css-93746 kc_text_block\"><\/p>\n<p><a href=\"https:\/\/www.obalne-galerije.si\/it\/camera-oscura-e-mostra-di-primoz-bizjak\/\">CAMERA OSCURA E MOSTRA DI PRIMO\u017d BIZJAK<\/a><\/p>\n<p>\n<\/div><div class=\"kc-elm kc-css-124767 kc_text_block\"><\/p>\n<p><a href=\"https:\/\/www.obalne-galerije.si\/it\/laboratorio-di-sculture-in-pietra-forma-viva-portorose-2\/\">LABORATORIO DI SCULTURE IN PIETRA, FORMA VIVA PORTOROSE<\/a><\/p>\n<p>\n<\/div><div class=\"kc-elm kc-css-40153 kc_text_block\"><\/p>\n<p><a href=\"https:\/\/www.obalne-galerije.si\/it\/lasilo-mornarcek-di-pirano-progetto-unesco\/\">L&#039;ASILO MORNAR\u010cEK DI PIRANO &#8211; Progetto UNESCO<\/a><\/p>\n<p>\n<\/div><div class=\"kc-elm kc-css-983729 kc_text_block\"><\/p>\n<p><a href=\"https:\/\/www.obalne-galerije.si\/it\/laboratori-creativi-artlab-medusa-2025-laboratori-pedagogici-e-andragogici\/\">LABORATORI CREATIVI ARTLAB MEDUSA 2025: LABORATORI PEDAGOGICI E ANDRAGOGICI<\/a><\/p>\n<p>\n<\/div><div class=\"kc-elm kc-css-799488 kc_text_block\"><\/p>\n<p><a href=\"https:\/\/www.obalne-galerije.si\/it\/ex-tempore-pirano-e-ex-tempore-musa-medusa-2025\/\" rel=\"noopener\">EX-TEMPORE PIRANO E EX-TEMPORE MUSA MEDUSA 2025<\/a><\/p>\n<p>\n<\/div><div class=\"kc-elm kc-css-908144 kc_text_block\"><\/p>\n<p class=\"p1\"><a href=\"https:\/\/www.obalne-galerije.si\/it\/visite-guidate-alla-mostra-ex-tempore-pirano-2025-e-laboratori-creativi-per-le-scuole-primarie\/\" rel=\"noopener\">VISITE GUIDATE ALLA MOSTRA EX-TEMPORE PIRANO 2025 E LABORATORI CREATIVI PER LE SCUOLE PRIMARIE<\/a><\/p>\n<p>\n<\/div><div class=\"kc-elm kc-css-671858 kc_text_block\"><\/p>\n<p class=\"p1\"><a href=\"https:\/\/www.obalne-galerije.si\/it\/forma-viva-2025-workshop\/\">FORMA VIVA 2025: WORKSHOP<\/a><\/p>\n<p>\n<\/div><div class=\"kc-elm kc-css-184590 kc_text_block\"><\/p>\n<p><a href=\"https:\/\/www.obalne-galerije.si\/it\/laboratori-di-linoleografia-con-la-scuola-elementare-lucija-3\/\">LABORATORI DI LINOLEOGRAFIA CON LA SCUOLA ELEMENTARE LUCIJA<\/a><\/p>\n<p>\n<\/div><div class=\"kc-elm kc-css-866993 kc_text_block\"><\/p>\n<p><a href=\"https:\/\/www.obalne-galerije.si\/it\/la-riqualificazione-del-centro-diurno-skoljka\/\">LA RIQUALIFICAZIONE DEL CENTRO DIURNO \u0160KOLJKA<\/a><\/p>\n<p>\n<\/div><div class=\"kc-elm kc-css-426752 kc_text_block\"><\/p>\n<p><a href=\"https:\/\/www.obalne-galerije.si\/it\/laboratori-pedagogici-natalizi-e-di-fine-anno\/\">LABORATORI PEDAGOGICI NATALIZI E DI FINE ANNO<\/a><\/p>\n<p>\n<\/div><\/div><\/div><\/div><div class=\"kc-elm kc-css-390567 kc_accordion_section group \"><h3 class=\"kc_accordion_header ui-accordion-header\"><span class=\"ui-accordion-header-icon ui-icon\"><\/span><a href=\"#2024-%e2%86%92\" data-prevent=\"scroll\"><i class=\"\"><\/i> 2024 \u2192<\/a><\/h3><div class=\"kc_accordion_content ui-accordion-content kc_clearfix\"><div class=\"kc-panel-body\"><div class=\"kc-elm kc-css-475650 kc_text_block\"><\/p>\n<p><a href=\"https:\/\/www.obalne-galerije.si\/it\/le-gallerie-costiere-di-pirano-partecipano-al-1-incontro-professionale-per-leducazione-allarte\/\">Le Gallerie costiere di Pirano partecipano al 1\u00b0 incontro professionale per l\u2019educazione all\u2019arte<\/a><\/p>\n<p>\n<\/div><div class=\"kc-elm kc-css-671346 kc_text_block\"><\/p>\n<p><a href=\"https:\/\/www.obalne-galerije.si\/it\/laboratorio-andragogico-con-ales-sedmak\/\">Laboratorio andragogico con Ale\u0161 Sedmak<\/a><\/p>\n<p>\n<\/div><div class=\"kc-elm kc-css-501748 kc_text_block\"><\/p>\n<p><a href=\"https:\/\/www.obalne-galerije.si\/it\/visita-dei-piu-giovani-nella-galleria-herman-pecaric\/\">Visita dei pi\u00f9 giovani nella Galleria Herman Pe\u010dari\u010d<\/a><\/p>\n<p>\n<\/div><div class=\"kc-elm kc-css-414219 kc_text_block\"><\/p>\n<p><a href=\"https:\/\/www.obalne-galerije.si\/it\/programma-eventi-educativi-e-per-il-grande-pubblico-delle-gallerie-costiere-pirano-nel-2024\/\">PROGRAMMA PUBBLICO EDUCATIVO: PRIMAVERA-ESTATE 2024<\/a><\/p>\n<p>\n<\/div><div class=\"kc-elm kc-css-613198 kc_text_block\"><\/p>\n<p><a href=\"https:\/\/www.obalne-galerije.si\/it\/didattica-forma-viva-2024\/\">Didattica: Forma Viva 2024<\/a><\/p>\n<p>\n<\/div><div class=\"kc-elm kc-css-964540 kc_text_block\"><\/p>\n<p><a href=\"https:\/\/www.obalne-galerije.si\/it\/laboratori-di-linoleografia\/\">Laboratori di linoleografia<\/a><\/p>\n<p>\n<\/div><div class=\"kc-elm kc-css-961306 kc_text_block\"><\/p>\n<p><a href=\"https:\/\/www.obalne-galerije.si\/it\/artlab-meduza-2024-laboratori-pedagogici-e-andragogici\/\">ArtLab Meduza 2024: laboratori pedagogici e andragogici<\/a><\/p>\n<p>\n<\/div><div class=\"kc-elm kc-css-737632 kc_text_block\"><\/p>\n<p><a href=\"https:\/\/www.obalne-galerije.si\/it\/programma-pedagogico-ex-tempore-10\/\">Programma pedagogico Ex-tempore 10<\/a><\/p>\n<p>\n<\/div><div class=\"kc-elm kc-css-909051 kc_text_block\"><\/p>\n<p><a href=\"https:\/\/www.obalne-galerije.si\/it\/il-prato-dei-miei-sogni\/\">Il prato dei miei sogni<\/a><\/p>\n<p>\n<\/div><div class=\"kc-elm kc-css-859304 kc_text_block\"><\/p>\n<p><a href=\"https:\/\/www.obalne-galerije.si\/it\/programma-pedagogico-e-andragogico-della-mostra-miscellanea\/\">Programma pedagogico e andragogico alla mostra <i>Miscellanea<\/i><\/a><\/p>\n<p>\n<\/div><div class=\"kc-elm kc-css-736522 kc_text_block\"><\/p>\n<p><a href=\"https:\/\/www.obalne-galerije.si\/it\/laboratori-di-linoleografia-con-la-scuola-elementare-lucija-2\/\">Laboratori di linoleografia con la scuola elementare Lucija<\/a><\/p>\n<p>\n<\/div><\/div><\/div><\/div><div class=\"kc-elm kc-css-21899 kc_accordion_section group \"><h3 class=\"kc_accordion_header ui-accordion-header\"><span class=\"ui-accordion-header-icon ui-icon\"><\/span><a href=\"#2023-%e2%86%92\" data-prevent=\"scroll\"><i class=\"\"><\/i> 2023 \u2192<\/a><\/h3><div class=\"kc_accordion_content ui-accordion-content kc_clearfix\"><div class=\"kc-panel-body\"><div class=\"kc-elm kc-css-280330 kc_text_block\"><\/p>\n<p><a href=\"https:\/\/www.obalne-galerije.si\/it\/forma-viva-2023-workshop\/\">Forma viva 2023: workshop<\/a><\/p>\n<p>\n<\/div><div class=\"kc-elm kc-css-366070 kc_text_block\"><\/p>\n<p><a href=\"https:\/\/www.obalne-galerije.si\/it\/non-tutto-e-come-appare-workshop\/\">Non tutto \u00e8 come appare: workshop<\/a><\/p>\n<p>\n<\/div><div class=\"kc-elm kc-css-425726 kc_text_block\"><\/p>\n<p><a href=\"https:\/\/www.obalne-galerije.si\/it\/ex-tempore-2023-laboratori-didattici\/\">Ex-Tempore 2023: laboratori didattici<\/a><\/p>\n<p>\n<\/div><div class=\"kc-elm kc-css-97472 kc_text_block\"><\/p>\n<p><a href=\"https:\/\/www.obalne-galerije.si\/it\/ex-tempore-pirano-2023-mostra-delle-creazioni-di-bambini\/\">Ex-Tempore Pirano 2023: mostra delle creazioni dei bambini<\/a><\/p>\n<p>\n<\/div><div class=\"kc-elm kc-css-33780 kc_text_block\"><\/p>\n<p><a href=\"https:\/\/www.obalne-galerije.si\/it\/laboratorio-estivo-gratuito-per-bambini\/\">Laboratorio estivo gratuito per bambini<\/a><\/p>\n<p>\n<\/div><div class=\"kc-elm kc-css-588245 kc_text_block\"><\/p>\n<p><a href=\"https:\/\/www.obalne-galerije.si\/it\/laboratorio-di-danza\/\">Workshop: Laboratorio di Danza<\/a><\/p>\n<p>\n<\/div><div class=\"kc-elm kc-css-900048 kc_text_block\"><\/p>\n<p><a href=\"https:\/\/www.obalne-galerije.si\/it\/laboratorio-di-sculture-in-pietra-forma-viva-portorose\/\">Laboratorio di sculture in pietra, Forma viva Portorose<\/a><\/p>\n<p>\n<\/div><div class=\"kc-elm kc-css-407036 kc_text_block\"><\/p>\n<p><a href=\"https:\/\/www.obalne-galerije.si\/it\/didattica-presernovanje-2023\/\">Workshop: PRE\u0160ERNOVANJE 2023<\/a><\/p>\n<p>\n<\/div><div class=\"kc-elm kc-css-723908 kc_text_block\"><\/p>\n<p><a href=\"https:\/\/www.obalne-galerije.si\/it\/didattica-biglietti-dauguri-natalizi-in-mostra\/\">Biglietti di Auguri Natalizi in mostra!<\/a><\/p>\n<p>\n<\/div><div class=\"kc-elm kc-css-152945 kc_text_block\"><\/p>\n<p><a href=\"https:\/\/www.obalne-galerije.si\/it\/workshop-creativi-acqua-e-terra\/\">Workshop creativi: ACQUA E TERRA<\/a><\/p>\n<p>\n<\/div><div class=\"kc-elm kc-css-8377 kc_text_block\"><\/p>\n<p><a href=\"https:\/\/www.obalne-galerije.si\/it\/una-passeggiata-con-musa-medusa-attraverso-le-collezioni-delle-gallerie-costiere-pirano\/\">Una passeggiata con Musa Medusa attraverso le collezioni delle Gallerie costiere Pirano<\/a><\/p>\n<p>\n<\/div><div class=\"kc-elm kc-css-894642 kc_text_block\"><\/p>\n<p><a href=\"https:\/\/www.obalne-galerije.si\/it\/laboratori-di-linoleografia-con-la-scuola-elementare-lucija\/\">Laboratori di linoleografia con la scuola elementare Lucija<\/a><\/p>\n<p>\n<\/div><\/div><\/div><\/div><div class=\"kc-elm kc-css-879702 kc_accordion_section group \"><h3 class=\"kc_accordion_header ui-accordion-header\"><span class=\"ui-accordion-header-icon ui-icon\"><\/span><a href=\"#2022-%e2%86%92\" data-prevent=\"scroll\"><i class=\"\"><\/i> 2022 \u2192<\/a><\/h3><div class=\"kc_accordion_content ui-accordion-content kc_clearfix\"><div class=\"kc-panel-body\"><div class=\"kc-elm kc-css-495685 kc_text_block\"><\/p>\n<p><a href=\"https:\/\/www.obalne-galerije.si\/it\/laboratori-della-57-pittura-internazionale-ex-tempora-piran-2022\/\">Laboratori della 57\u00b0 Pittura Internazionale Ex-Tempore Pirano 2022<\/a><\/p>\n<p>\n<\/div><div class=\"kc-elm kc-css-851437 kc_text_block\"><\/p>\n<p><a href=\"https:\/\/www.obalne-galerije.si\/it\/laboratori-didattici-forma-viva-2022\/\">Laboratori didattici Forma Viva 2022<\/a><\/p>\n<p>\n<\/div><div class=\"kc-elm kc-css-639390 kc_text_block\"><\/p>\n<p><a href=\"https:\/\/www.obalne-galerije.si\/it\/asilo-mornarcek-pirano\/\" rel=\"noopener\">In giro vicino al mare: asilo mornar\u010dek Pirano<\/a><\/p>\n<p>\n<\/div><div class=\"kc-elm kc-css-72403 kc_text_block\"><\/p>\n<p><a href=\"https:\/\/www.obalne-galerije.si\/it\/bando-pubblico-per-il-workshop-on-tutorials-stereotypes-and-body-visions\/\">Bando pubblico per il workshop: On Tutorials, Stereotypes and Body Visions<\/a><\/p>\n<p>\n<\/div><div class=\"kc-elm kc-css-126889 kc_text_block\"><\/p>\n<p><a href=\"https:\/\/www.obalne-galerije.si\/it\/una-giornata-al-parco\/\">Una giornata al parco<\/a><\/p>\n<p>\n<\/div><div class=\"kc-elm kc-css-677830 kc_text_block\"><\/p>\n<p><a href=\"https:\/\/www.obalne-galerije.si\/it\/collage\/\">Laboratorio: Collage!<\/a><\/p>\n<p>\n<\/div><div class=\"kc-elm kc-css-578434 kc_text_block\"><\/p>\n<p><a href=\"https:\/\/www.obalne-galerije.si\/it\/laboratorio-incolla-avvolgi-spruzza\/\">Laboratorio: Incolla, avvolgi, spruzza!<\/a><\/p>\n<p>\n<\/div><div class=\"kc-elm kc-css-420575 kc_text_block\"><\/p>\n<p><a href=\"https:\/\/www.obalne-galerije.si\/it\/panorama-incolla-avvolgi-nascondi\/\" rel=\"noopener\">Panorama: Incolla, avvolgi, spruzza!<\/a><\/p>\n<p>\n<\/div><div class=\"kc-elm kc-css-43405 kc_text_block\"><\/p>\n<p><a href=\"https:\/\/www.obalne-galerije.si\/it\/laboratorio-france-preseren-2022\/\">Laboratorio didattico France Pre\u0161eren 2022<\/a><\/p>\n<p>\n<\/div><div class=\"kc-elm kc-css-949642 kc_text_block\"><\/p>\n<p><a href=\"https:\/\/www.obalne-galerije.si\/it\/laboratorio-imparando-le-tecniche-grafiche\/\">Laboratorio: Imparando le tecniche grafiche!<\/a><\/p>\n<p>\n<\/div><div class=\"kc-elm kc-css-329539 kc_text_block\"><\/p>\n<p><a href=\"https:\/\/www.obalne-galerije.si\/it\/concorso-biglietti-di-natale\/\">Concorso biglietti di Natale<\/a><\/p>\n<p>\n<\/div><\/div><\/div><\/div><div class=\"kc-elm kc-css-504436 kc_accordion_section group \"><h3 class=\"kc_accordion_header ui-accordion-header\"><span class=\"ui-accordion-header-icon ui-icon\"><\/span><a href=\"#2021-%e2%86%92\" data-prevent=\"scroll\"><i class=\"\"><\/i> 2021 \u2192<\/a><\/h3><div class=\"kc_accordion_content ui-accordion-content kc_clearfix\"><div class=\"kc-panel-body\"><div class=\"kc-elm kc-css-595463 kc_text_block\"><\/p>\n<p><a href=\"https:\/\/www.obalne-galerije.si\/laboratori-didattici-forma-viva-2021\/?lang=it\" target=\"_blank\" rel=\"noopener\">Laboratori didattici Forma viva Portorose 2021<\/a><\/p>\n<p>\n<\/div><div class=\"kc-elm kc-css-771387 kc_text_block\"><\/p>\n<p><a href=\"https:\/\/www.obalne-galerije.si\/premio-ragazzi-ex-tempore-2021\/?lang=it\" target=\"_blank\" rel=\"noopener\">Premio Ragazzi Ex-tempore 2021<\/a><\/p>\n<p>\n<\/div><div class=\"kc-elm kc-css-280849 kc_text_block\"><\/p>\n<p><a href=\"https:\/\/www.obalne-galerije.si\/laboratorio-di-arte-grafica-france-preseren-ogp-2021\/?lang=it\" target=\"_blank\" rel=\"noopener\">Laboratorio di arte France Pre\u0161eren 2021<\/a><\/p>\n<p>\n<\/div><div class=\"kc-elm kc-css-638257 kc_text_block\"><\/p>\n<p><a href=\"https:\/\/www.obalne-galerije.si\/invito-a-partecipare-alla-giornata-internazionale-della-famiglia\/?lang=it\" target=\"_blank\" rel=\"noopener\">Invito: Giornata internazionale della famiglia<\/a><\/p>\n<p>\n<\/div><div class=\"kc-elm kc-css-378724 kc_text_block\"><\/p>\n<p><a href=\"https:\/\/www.obalne-galerije.si\/larte-per-la-giornata-della-terra\/?lang=it\" target=\"_blank\" rel=\"noopener\">L&#039;arte per la Giornata della terra<\/a><\/p>\n<p>\n<\/div><div class=\"kc-elm kc-css-527363 kc_text_block\"><\/p>\n<p><a href=\"https:\/\/www.obalne-galerije.si\/concorso-fotografico-catturare-lattimo\/?lang=it\" target=\"_blank\" rel=\"noopener\">Concorso fotografico <em>Catturare l&#039;attimo<\/em><\/a><\/p>\n<p>\n<\/div><div class=\"kc-elm kc-css-94242 kc_text_block\"><\/p>\n<p><a href=\"https:\/\/www.obalne-galerije.si\/una-nave-sta-navigando-in-mare\/?lang=it\" target=\"_blank\" rel=\"noopener\">Una nave sta navigando in mare<\/a><\/p>\n<p>\n<\/div><div class=\"kc-elm kc-css-35510 kc_text_block\"><\/p>\n<p><a href=\"https:\/\/www.obalne-galerije.si\/it\/didattica-il-mio-mosaico\/\" target=\"_blank\" rel=\"noopener\">Il mio mosaico<\/a><\/p>\n<p>\n<\/div><div class=\"kc-elm kc-css-543774 kc_text_block\"><\/p>\n<p><a href=\"https:\/\/www.obalne-galerije.si\/it\/amore\/\">Amore<\/a><\/p>\n<p>\n<\/div><div class=\"kc-elm kc-css-948792 kc_text_block\"><\/p>\n<p><a href=\"https:\/\/www.obalne-galerije.si\/visite-guidate-alla-mostra-mira-licen-lux-et-vox\/?lang=it\" target=\"_blank\" rel=\"noopener\">Visite guidate Mira Li\u010den<\/a><\/p>\n<p>\n<\/div><div class=\"kc-elm kc-css-369409 kc_text_block\"><\/p>\n<p><a href=\"https:\/\/www.obalne-galerije.si\/it\/forma-viva-workshop\/\">Forma viva 2021: Bite<\/a><\/p>\n<p>\n<\/div><\/div><\/div><\/div><div class=\"kc-elm kc-css-10008 kc_accordion_section group \"><h3 class=\"kc_accordion_header ui-accordion-header\"><span class=\"ui-accordion-header-icon ui-icon\"><\/span><a href=\"#2020-%e2%86%92\" data-prevent=\"scroll\"><i class=\"\"><\/i> 2020 \u2192<\/a><\/h3><div class=\"kc_accordion_content ui-accordion-content kc_clearfix\"><div class=\"kc-panel-body\"><div class=\"kc-elm kc-css-128931 kc_text_block\"><\/p>\n<p><a href=\"https:\/\/www.obalne-galerije.si\/presernovanje-poetry-days\/?lang=it\" target=\"_blank\" rel=\"noopener\">Pre\u0161eren, La poesia vola<\/a><\/p>\n<p>\n<\/div><div class=\"kc-elm kc-css-491870 kc_text_block\"><\/p>\n<p><a href=\"https:\/\/www.obalne-galerije.si\/6914\/?lang=it\" target=\"_blank\" rel=\"noopener\">Giorno della cultura felice<\/a><\/p>\n<p>\n<\/div><div class=\"kc-elm kc-css-916799 kc_text_block\"><\/p>\n<p><a href=\"https:\/\/www.obalne-galerije.si\/it\/studenti-in-studio-questa-volta-e-sul-palco-alice-nel-paese-delle-meraviglie\/?preview_id=12664&#038;preview_nonce=ac92425e52&#038;post_format=standard&#038;_thumbnail_id=-1&#038;preview=true\">Studenti in studio: Questa volta \u00e8 sul palco\u2026 Alice nel Paese delle Meraviglie<\/a><\/p>\n<p>\n<\/div><\/div><\/div><\/div><\/div>\n<div class=\"kc-elm kc-css-402565\" style=\"height: 50px; clear: both; width:100%;\"><\/div><\/div><\/div><\/div><\/div><\/section><section class=\"kc-elm kc-css-701955 kc_row\"><div class=\"kc-row-container  kc-container\"><div class=\"kc-wrap-columns\"><div class=\"kc-elm kc-css-323859 kc_col-sm-12 kc_column kc_col-sm-12\"><div class=\"kc-col-container\">\n<div class=\"kc-elm kc-css-375126 kc-title-wrap \">\n\n\t<h2 class=\"kc_title\">Biblioteca<\/h2>\n<\/div>\n<\/div><\/div><\/div><\/div><\/section><section class=\"kc-elm kc-css-55643 kc_row\"><div class=\"kc-row-container  kc-container\"><div class=\"kc-wrap-columns\"><div class=\"kc-elm kc-css-768115 kc_col-sm-6 kc_column kc_col-sm-6\"><div class=\"kc-col-container\"><div class=\"kc-elm kc-css-44149 kc_shortcode kc_single_image\">\n\n        <img decoding=\"async\" src=\"https:\/\/www.obalne-galerije.si\/wp-content\/uploads\/2021\/07\/biblioteca-1.png\" class=\"\" alt=\"\" \/>    <\/div>\n<\/div><\/div><div class=\"kc-elm kc-css-654843 kc_col-sm-6 kc_column kc_col-sm-6\"><div class=\"kc-col-container\"><div class=\"kc-elm kc-css-753364 kc_text_block\"><\/p>\n<p>\nLe Gallerie costiere di Pirano possiedono una biblioteca diffusa con una ricca collezione di cataloghi di mostre, libri, pubblicazioni periodiche, articoli di giornale e fotografie relativa alle attivit\u00e0 delle gallerie e al simposio internazionale di scultura Forma viva. Il materiale copre il periodo dagli anni Sessanta ad oggi.<br \/>La biblioteca \u00e8 per lo pi\u00f9 finalizzata all\u2019attivit\u00e0 di ricerca, ma l\u2019accesso \u00e8 consentito anche a fruitori esterni, allievi delle scuole medie, studenti, artisti e studiosi del settore. Poich\u00e9 il materiale \u00e8 conservato in sedi dislocate (A Pirano, Portorose e Capodistria) \u00e8 necessario contattare preventivamente il personale delle gallerie per prendere un appuntamento.<\/p>\n<p>Contatti per la consultazione del materiale bibliotecario:<\/p>\n<p>\n<\/div><\/div><\/div><\/div><\/div><\/section><section class=\"kc-elm kc-css-548853 kc_row\"><div class=\"kc-row-container  kc-container\"><div class=\"kc-wrap-columns\"><div class=\"kc-elm kc-css-399500 kc_col-sm-12 kc_column kc_col-sm-12\"><div class=\"kc-col-container\"><div class=\"kc-elm kc-css-70134\" style=\"height: 50px; clear: both; width:100%;\"><\/div><\/div><\/div><\/div><\/div><\/section><\/p>\n","protected":false},"excerpt":{"rendered":"","protected":false},"author":1,"featured_media":0,"parent":0,"menu_order":0,"comment_status":"closed","ping_status":"closed","template":"","meta":{"footnotes":""},"class_list":["post-4343","page","type-page","status-publish","hentry"],"acf":[],"_links":{"self":[{"href":"https:\/\/www.obalne-galerije.si\/it\/wp-json\/wp\/v2\/pages\/4343","targetHints":{"allow":["GET"]}}],"collection":[{"href":"https:\/\/www.obalne-galerije.si\/it\/wp-json\/wp\/v2\/pages"}],"about":[{"href":"https:\/\/www.obalne-galerije.si\/it\/wp-json\/wp\/v2\/types\/page"}],"author":[{"embeddable":true,"href":"https:\/\/www.obalne-galerije.si\/it\/wp-json\/wp\/v2\/users\/1"}],"replies":[{"embeddable":true,"href":"https:\/\/www.obalne-galerije.si\/it\/wp-json\/wp\/v2\/comments?post=4343"}],"version-history":[{"count":6,"href":"https:\/\/www.obalne-galerije.si\/it\/wp-json\/wp\/v2\/pages\/4343\/revisions"}],"predecessor-version":[{"id":27622,"href":"https:\/\/www.obalne-galerije.si\/it\/wp-json\/wp\/v2\/pages\/4343\/revisions\/27622"}],"wp:attachment":[{"href":"https:\/\/www.obalne-galerije.si\/it\/wp-json\/wp\/v2\/media?parent=4343"}],"curies":[{"name":"wp","href":"https:\/\/api.w.org\/{rel}","templated":true}]}}