{"id":3969,"date":"2021-04-28T20:02:18","date_gmt":"2021-04-28T20:02:18","guid":{"rendered":"http:\/\/www.obalne-galerije.si\/vstopnina\/"},"modified":"2021-06-09T23:59:03","modified_gmt":"2021-06-09T21:59:03","slug":"ingresso","status":"publish","type":"page","link":"https:\/\/www.obalne-galerije.si\/it\/ingresso\/","title":{"rendered":"Ingresso"},"content":{"rendered":"<p><section class=\"kc-elm kc-css-122866 kc_row\"><div class=\"kc-row-container  kc-container\"><div class=\"kc-wrap-columns\"><div class=\"kc-elm kc-css-269239 kc_col-sm-12 kc_column kc_col-sm-12\"><div class=\"kc-col-container\">\n<div class=\"kc-elm kc-css-608435 kc-title-wrap \">\n\n\t<h2 class=\"kc_title\">Prezzi di ingresso<\/h2>\n<\/div>\n<\/div><\/div><\/div><\/div><\/section><section class=\"kc-elm kc-css-181671 kc_row\"><div class=\"kc-row-container  kc-container\"><div class=\"kc-wrap-columns\"><div class=\"kc-elm kc-css-490618 kc_col-sm-12 kc_column kc_col-sm-12\"><div class=\"kc-col-container\"><div class=\"kc-elm kc-css-548321 kc_text_block\"><\/p>\n<p>La visita alle mostre si paga solo nella\u00a0Galleria civica di Pirano.<\/p>\n<p>Le visite sono gratuite per i disoccupati (certificato del Servizio per l&#8217;Impiego), possessori di tessere giornalistiche e museali e bambini fino alla scuola elementare.<\/p>\n<p>Le visite alle mostre sono gratuite l&#8217;8 febbraio e il 3 dicembre per la Notte estiva dei musei e la Giornata mondiale dei musei.<\/p>\n<p>Le visite alle mostre sono gratuite alla Galleria Medusa e alla Galleria Lo\u017ea a Capodistria, alla Galleria Monfort a Portorose, alla Galleria Herman Pe\u010dari\u010d a Pirano e alla Galleria Forma Viva delle sculture in pietra sulla penisola di Sicciole vicino a Portorose.<\/p>\n<p>\n<\/div><\/div><\/div><\/div><\/div><\/section><section class=\"kc-elm kc-css-302198 kc_row\"><div class=\"kc-row-container  kc-container\"><div class=\"kc-wrap-columns\"><div class=\"kc-elm kc-css-125567 kc_col-sm-12 kc_column kc_col-sm-12\"><div class=\"kc-col-container\">\n<div class=\"kc-elm kc-css-631759 kc-title-wrap \">\n\n\t<h2 class=\"kc_title\">Galleria civica di Pirano<\/h2>\n<\/div>\n<\/div><\/div><\/div><\/div><\/section><section class=\"kc-elm kc-css-552716 kc_row\"><div class=\"kc-row-container  kc-container\"><div class=\"kc-wrap-columns\"><div class=\"kc-elm kc-css-303139 kc_col-sm-6 kc_column kc_col-sm-6\"><div class=\"kc-col-container\"><div class=\"kc-elm kc-css-912118 kc_shortcode kc_single_image\">\n\n        <img decoding=\"async\" src=\"https:\/\/www.obalne-galerije.si\/wp-content\/uploads\/2021\/04\/Mestna-galerija-Piran.jpg\" class=\"\" alt=\"\" \/>    <\/div>\n<\/div><\/div><div class=\"kc-elm kc-css-464250 kc_col-sm-6 kc_column kc_col-sm-6\"><div class=\"kc-col-container\"><div class=\"kc-elm kc-css-512089 kc_text_block\"><\/p>\n<table class=\"table\">\n<tbody>\n<tr>\n<td>Prezzo intero:<\/td>\n<td>3 \u20ac<\/td>\n<\/tr>\n<tr>\n<td>Prezzo ridotto<sup>*<\/sup>:<\/td>\n<td>2 \u20ac<\/td>\n<\/tr>\n<tr>\n<td colspan=\"2\">Il prezzo ridotto \u00e8 valido per studenti delle scuole primarie e secondarie, studenti e pensionati<\/td>\n<\/tr>\n<\/tbody>\n<\/table>\n<p>\n<\/div><\/div><\/div><\/div><\/div><\/section><section class=\"kc-elm kc-css-193050 kc_row\"><div class=\"kc-row-container  kc-container\"><div class=\"kc-wrap-columns\"><div class=\"kc-elm kc-css-158550 kc_col-sm-12 kc_column kc_col-sm-12\"><div class=\"kc-col-container\">\n<div class=\"kc-elm kc-css-258942 kc-title-wrap \">\n\n\t<h2 class=\"kc_title\">Visite guidate<\/h2>\n<\/div>\n<\/div><\/div><\/div><\/div><\/section><section class=\"kc-elm kc-css-78231 kc_row\"><div class=\"kc-row-container  kc-container\"><div class=\"kc-wrap-columns\"><div class=\"kc-elm kc-css-957801 kc_col-sm-12 kc_column kc_col-sm-12\"><div class=\"kc-col-container\"><div class=\"kc-elm kc-css-290751 kc_text_block\"><\/p>\n<table class=\"table aligncenter\">\n<tbody>\n<tr>\n<td><span class=\"VIiyi\" lang=\"it\"><span class=\"JLqJ4b ChMk0b\" data-language-for-alternatives=\"it\" data-language-to-translate-into=\"sl\" data-phrase-index=\"0\">Prezzo intero<\/span><\/span>:<\/td>\n<td>2,5 \u20ac<\/td>\n<\/tr>\n<tr>\n<td>Prezzo ridotto<sup>*<\/sup>:<\/td>\n<td>1,5 \u20ac<\/td>\n<\/tr>\n<tr>\n<td>Gruppo scolastico<sup>**<\/sup>:<\/td>\n<td>28 \u20ac<\/td>\n<\/tr>\n<tr>\n<td colspan=\"2\"><span class=\"manjse\">* <span class=\"VIiyi\" lang=\"it\"><span class=\"JLqJ4b ChMk0b\" data-language-for-alternatives=\"it\" data-language-to-translate-into=\"sl\" data-phrase-index=\"6\">Il prezzo ridotto \u00e8 valido per studenti delle scuole primarie e secondarie, studenti e pensionati<\/span><\/span><br \/>** fino a 28 bambini<\/span><\/td>\n<\/tr>\n<\/tbody>\n<\/table>\n<p>\n<\/div><\/div><\/div><\/div><\/div><\/section><\/p>\n","protected":false},"excerpt":{"rendered":"","protected":false},"author":1,"featured_media":0,"parent":0,"menu_order":0,"comment_status":"closed","ping_status":"closed","template":"","meta":{"footnotes":""},"class_list":["post-3969","page","type-page","status-publish","hentry"],"acf":[],"_links":{"self":[{"href":"https:\/\/www.obalne-galerije.si\/it\/wp-json\/wp\/v2\/pages\/3969","targetHints":{"allow":["GET"]}}],"collection":[{"href":"https:\/\/www.obalne-galerije.si\/it\/wp-json\/wp\/v2\/pages"}],"about":[{"href":"https:\/\/www.obalne-galerije.si\/it\/wp-json\/wp\/v2\/types\/page"}],"author":[{"embeddable":true,"href":"https:\/\/www.obalne-galerije.si\/it\/wp-json\/wp\/v2\/users\/1"}],"replies":[{"embeddable":true,"href":"https:\/\/www.obalne-galerije.si\/it\/wp-json\/wp\/v2\/comments?post=3969"}],"version-history":[{"count":4,"href":"https:\/\/www.obalne-galerije.si\/it\/wp-json\/wp\/v2\/pages\/3969\/revisions"}],"predecessor-version":[{"id":4292,"href":"https:\/\/www.obalne-galerije.si\/it\/wp-json\/wp\/v2\/pages\/3969\/revisions\/4292"}],"wp:attachment":[{"href":"https:\/\/www.obalne-galerije.si\/it\/wp-json\/wp\/v2\/media?parent=3969"}],"curies":[{"name":"wp","href":"https:\/\/api.w.org\/{rel}","templated":true}]}}