{"id":25033,"date":"2025-05-01T18:27:58","date_gmt":"2025-05-01T16:27:58","guid":{"rendered":"https:\/\/www.obalne-galerije.si\/?post_type=monthly_overview&#038;p=25033"},"modified":"2025-08-01T18:28:14","modified_gmt":"2025-08-01T16:28:14","slug":"appuntamenti-di-maggio-e-giugno-2025","status":"publish","type":"monthly_overview","link":"https:\/\/www.obalne-galerije.si\/it\/monthly_overview\/appuntamenti-di-maggio-e-giugno-2025\/","title":{"rendered":"Appuntamenti di maggio e giugno 2025"},"content":{"rendered":"<h4><b>MOSTRE E INAUGURAZIONI<\/b><\/h4>\n<p><b>Inaugurazione della mostra di Primo\u017e Bizjak dal titolo <\/b><b><i>Il mondo grigio \u00e8 blu e verde<\/i><\/b><b> presso la Galleria Civica di Pirano<\/b><\/p>\n<p><span style=\"font-weight: 400;\">La prima grande mostra personale di Primo\u017e Bizjak (1976, \u0160empeter pri Gorici), artista sloveno affermato a livello internazionale e residente all\u2019estero, <\/span><b>sar\u00e0 inaugurata venerd\u00ec 16 maggio 2025 alle ore 18:00 presso la Galleria Civica di Pirano<\/b><span style=\"font-weight: 400;\">. La mostra contribuir\u00e0 ad arricchire il programma delle Gallerie Costiere Pirano nell&#8217;ambito della valorizzazione della fotografia contemporanea, sia a livello regionale che nazionale e internazionale. L\u2019artista appartiene alla generazione di autori sloveni affermatisi all\u2019inizio del nuovo millennio. I lunghi periodi trascorsi e l\u2019attivit\u00e0 artistica svolta all\u2019estero hanno favorito la sua affermazione sulla scena internazionale. I primi riconoscimenti internazionali sono arrivati in Italia, seguiti dalla Spagna e dalla Germania. Le sue opere fotografiche sono oggi presenti in prestigiose collezioni pubbliche e private, sia in Slovenia che all\u2019estero.<\/span><\/p>\n<p><span style=\"font-weight: 400;\">Il paesaggio naturale e urbano, in continua trasformazione, \u00e8 un motivo prediletto di Bizjak, nel quale indaga spazi abbandonati e segnati dal passato, caratterizzati da architetture uniche o scorci naturali. Ci\u00f2 vale anche per le fotografie della serie <\/span><i><span style=\"font-weight: 400;\">Alpi Apuane<\/span><\/i><span style=\"font-weight: 400;\">, che costituiranno il nucleo della mostra a Pirano, tra cui l\u2019opera appartenente alla collezione delle Gallerie Costiere Pirano intitolata <\/span><i><span style=\"font-weight: 400;\">Grotta del monte Corchia<\/span><\/i><span style=\"font-weight: 400;\"> (<\/span><i><span style=\"font-weight: 400;\">Antro del Corchia, Monte Corchia<\/span><\/i><span style=\"font-weight: 400;\">) del 2015. Il progetto espositivo, dal concetto unico e curato dall\u2019affermato artista I\u0161tvan I\u0161t Huzjan, offre una panoramica sulla produzione dell\u2019artista tra il 2004 e il 2020. La selezione delle opere \u00e8 stata fatta in dialogo con la poesia <\/span><i><span style=\"font-weight: 400;\">Il mondo intero \u00e8 come<\/span><\/i><span style=\"font-weight: 400;\"> di Sre\u010dko Kosovel (<\/span><i><span style=\"font-weight: 400;\">Integrali \u201926<\/span><\/i><span style=\"font-weight: 400;\">) e include le serie: <\/span><i><span style=\"font-weight: 400;\">Venezia<\/span><\/i><span style=\"font-weight: 400;\"> (2005\u20132006), <\/span><i><span style=\"font-weight: 400;\">Sarajevo<\/span><\/i><span style=\"font-weight: 400;\"> (2004\u20132006), <\/span><i><span style=\"font-weight: 400;\">Alpi Apuane<\/span><\/i><span style=\"font-weight: 400;\"> (2014\u20132017) e <\/span><i><span style=\"font-weight: 400;\">Lo zoo di Monaco<\/span><\/i><span style=\"font-weight: 400;\"> (2017\u20132020).<\/span><\/p>\n<p><span style=\"font-weight: 400;\">La mostra \u00e8 realizzata in collaborazione con la Galleria Gregor Podnar di Vienna. <\/span><\/p>\n<p><span style=\"color: #0000ff;\"><a style=\"color: #0000ff;\" href=\"https:\/\/www.obalne-galerije.si\/it\/primoz-bizjak-il-mondo-grigio-e-blu-e-verde\/\"><span style=\"font-weight: 400;\">Maggiori informazioni al link\u2026<\/span><\/a><\/span><\/p>\n<p>&nbsp;<\/p>\n<p><b>Inaugurazione della mostra di Andrej \u0160kufca dal titolo <\/b><b><i>Intrusi, non invitati nel caos<\/i><\/b><b> presso la Galleria Monfort di Portorose e la Galleria Lo\u017ea di Capodistria<\/b><\/p>\n<p><span style=\"font-weight: 400;\">Andrej \u0160kufca (1987) appartiene alla generazione intermedia di artisti visivi sloveni che, da oltre un decennio, esplorano intensamente i cambiamenti nell\u2019arte contemporanea slovena, in particolare attraverso strumenti innovativi e metodi creativi avanzati. Con il progetto <\/span><i><span style=\"font-weight: 400;\">Intrusi, non invitati nel caos<\/span><\/i><span style=\"font-weight: 400;\">, \u0160kufca continua la sua indagine sugli aspetti infrastrutturali della tecno-ecologia globale, dove si fondono simbolicamente e materialmente finzione, design tecnologico e processi produttivi dell\u2019industria dei materiali sintetici.<\/span><\/p>\n<p><span style=\"font-weight: 400;\">Le opere in mostra esplorano la solo apparente autonomia dei sistemi technologici, che sempre pi\u00f9 interconnessi a livello globale, attraversano un espansione epocale. Con riferimenti alla contemporaneit\u00e0 post-orientale e post-verit\u00e0 (termine che descrive una situazione in cui i fatti oggettivi hanno meno influenza sull&#8217;opinione pubblica rispetto alle emozioni e alle convinzioni personali) il progetto analizza criticamente il ruolo dell\u2019umano e dell\u2019umanit\u00e0 nel contesto dell&#8217;Europa Orientale. Questo cambiamento tecnologico del XXI secolo \u00e8 riconosciuto dalla nuova generazione di artisti visivi come un tratto distintivo e problematico dell\u2019epoca attuale.<\/span><\/p>\n<p><span style=\"font-weight: 400;\">La curatrice della mostra \u00e8 Laura Amann, curatrice e architetta viennese. Il progetto \u00e8 realizzato in collaborazione tra le Gallerie Costiere e diversi centri per l\u2019arte visiva nazionali ed europei (Zavod Projekt Atol, Lubiana; Galleria New J\u00f6rg, Vienna; Ravnikar Gallery, Lubiana; Kucca, Zagabria). <\/span><b>La mostra sar\u00e0 inaugurata venerd\u00ec 13 giugno 2025 alla Galleria Monfort di Portorose. Il giorno precedente, gioved\u00ec 12 giugno 2025 alle ore 12:00, si terr\u00e0 una conferenza stampa presso la Galleria Lo\u017ea di Capodistria.<\/b><\/p>\n<p><span style=\"color: #0000ff;\"><a style=\"color: #0000ff;\" href=\"https:\/\/www.obalne-galerije.si\/it\/andrej-skufca-intrusi-non-invitati-nel-caos\/\"><span style=\"font-weight: 400;\">Maggiori informazioni al link\u2026<\/span><\/a><\/span><\/p>\n<p>&nbsp;<\/p>\n<p><b>Premio del Fondo Italiano alle Gallerie Costiere<\/b><span style=\"font-weight: 400;\"><br \/>\n<\/span><b>Francesco Bertocco: <\/b><b><i>Interrompere il ciclo del controllo \u2013 Viaggio di ricerca in Brasile<\/i><\/b><b> (20 aprile\u201326 maggio 2025)<\/b><\/p>\n<p><span style=\"font-weight: 400;\">L\u2019artista Francesco Bertocco, insieme alle co-curatrici Mariagrazia Muscatello e Gabi Scardi, inizier\u00e0 una ricerca sul campo e negli archivi in Brasile, nell\u2019ambito del progetto <\/span><i><span style=\"font-weight: 400;\">Interrompere il ciclo del controllo<\/span><\/i><span style=\"font-weight: 400;\">. Il viaggio \u00e8 finanziato da fondi aggiuntivi ottenuti con successo dalle Gallerie Costiere di Pirano attraverso il bando internazionale del Fondo Italiano (Italian Council). Il team presenter\u00e0 il progetto e le attivit\u00e0 delle Gallerie Costiere in diversi musei e istituzioni pubbliche (Galleria MAC di San Paolo, Teatro della Cultura Artistica, Museo della Follia di Juqueri, ecc.). Il progetto sar\u00e0 presentato in mostra presso le Gallerie Costiere in autunno. <\/span><\/p>\n<p><span style=\"color: #0000ff;\"><a style=\"color: #0000ff;\" href=\"https:\/\/www.obalne-galerije.si\/it\/breaking-the-circuit-of-control-ricerca-sul-campo-in-brasile\/\"><span style=\"font-weight: 400;\">Maggiori informazioni al link\u2026<\/span><\/a><\/span><\/p>\n<p>&nbsp;<\/p>\n<p><b>Inaugurazione della mostra di Tinka Leskov\u0161ek dal titolo <\/b><b><i>Pura grazia<\/i><\/b><b> presso la Galleria Herman Pe\u010dari\u010d di Pirano<\/b><\/p>\n<p><span style=\"font-weight: 400;\">Durante i mesi estivi, l\u2019illustratrice originaria del Litorale Tinka Leskov\u0161ek (1982, Capodistria), residente a Venezia, presenter\u00e0 il suo lavoro a Pirano. Ha studiato Pedagogia artistica a Lubiana e per diversi anni ha collaborato attivamente con il Teatro di Capodistria come scenografa. Le sue prime illustrazioni hanno accompagnato i libri illustrati del Centro per la comunicazione, l\u2019udito e il linguaggio di Portorose. Negli ultimi anni, con estrema precisione e l\u2019uso di pennelli sottilissimi, dipinge animali e piante. Il suo lavoro \u00e8 molto vario e le illustrazioni sono rivolte sia ai bambini che agli adulti.<\/span><\/p>\n<p><span style=\"font-weight: 400;\">Durante la mostra sar\u00e0 organizzata una serie di laboratori creativi del sabato, rivolti agli appassionati d\u2019arte locali e non solo, nell\u2019ambito del progetto <\/span><i><span style=\"font-weight: 400;\">Laboratori Creativi (ArtLab Meduza)<\/span><\/i><span style=\"font-weight: 400;\">. Oltre all\u2019autrice, i laboratori saranno condotti dall\u2019artista Vasko Vidmar, dalla pedagoga ospite Andreja Ozebek e da Ana Pape\u017e, curatrice della mostra. Le date dei laboratori saranno pubblicate a giugno. <\/span><b>La mostra sar\u00e0 inaugurata gioved\u00ec 19 giugno 2025.<\/b><\/p>\n<p>&nbsp;<\/p>\n<p><b>Inaugurazione della mostra di Ana \u010cigon e Vesna Bukovec dal titolo <\/b><b><i>Lavoro in divenire. Tempo di lavoro ingannevole<\/i><\/b><b> presso la Galleria Meduza di Capodistria<\/b><\/p>\n<p><span style=\"font-weight: 400;\">La mostra \u00e8 il secondo progetto vincitore del bando pubblico <\/span><i><span style=\"font-weight: 400;\">Porte aperte<\/span><\/i><span style=\"font-weight: 400;\"> delle Gallerie Costiere di Pirano dell\u2019anno scorso. Le artiste visive slovene Ana \u010cigon e Vesna Bukovec hanno presentato congiuntamente il progetto <\/span><i><span style=\"font-weight: 400;\">Lavoro in divenire. Tempo di lavoro ingannevole<\/span><\/i><span style=\"font-weight: 400;\">. Si tratta della terza fase di una ricerca artistico-curatoriale pluriennale intitolata <\/span><i><span style=\"font-weight: 400;\">Lavoro in divenire<\/span><\/i><span style=\"font-weight: 400;\">, portata avanti collettivamente da Vesna Bukovec, Tia \u010ci\u010dek e Ana \u010cigon. L\u2019attenzione si concentrer\u00e0 sulle trasformazioni del tempo di lavoro, offrendo uno sguardo importante sulle condizioni lavorative contemporanee. La ricerca mira a sviluppare visioni per il futuro, superando l\u2019apatia e l\u2019idea che non esistano alternative al costante aumento del profitto, ponendo invece l\u2019accento sul benessere e sulla connessione tra le persone.<\/span><\/p>\n<p><span style=\"font-weight: 400;\">Il progetto comprende disegni su carta, murali, video, piccoli oggetti e installazioni. <\/span><i><span style=\"font-weight: 400;\">Lavoro in divenire<\/span><\/i><span style=\"font-weight: 400;\"> \u00e8 un progetto in continua evoluzione, con contenuti e forme visive che si sviluppano progressivamente. Saranno presentate alcune opere esistenti delle fasi precedenti e nuovi lavori specificamente legati al tema del <\/span><i><span style=\"font-weight: 400;\">Tempo di lavoro ingannevole<\/span><\/i><span style=\"font-weight: 400;\">. <\/span><b>La mostra sar\u00e0 inaugurata sabato 21 giugno 2025 alle ore 20:00 nell\u2019ambito della La notte dei musei d\u2019estate.\u00a0<\/b><\/p>\n<hr \/>\n<p>&nbsp;<\/p>\n<h4><b>EVENTI E VISITE GUIDATE<\/b><\/h4>\n<p><b>Presentazione del catalogo intitolato <\/b><b><i>Gani Llalloshi \u2013 Nostalgia<\/i><\/b><b> presso la Galleria Civica di Pirano<\/b><span style=\"font-weight: 400;\"><br \/>\n<\/span><span style=\"font-weight: 400;\">In occasione della conclusione della mostra personale del rinomato artista Gani Llalloshi, <\/span><b>marted\u00ec 6 maggio 2025 alle ore 18.00 <\/b><span style=\"font-weight: 400;\">si terr\u00e0 presso la <\/span><b>Galleria Civica di Pirano<\/b><span style=\"font-weight: 400;\"> la presentazione del catalogo espositivo multilingue. L\u2019edizione slovena, con traduzioni in italiano, inglese e albanese, offre una comprensione approfondita del progetto <\/span><i><span style=\"font-weight: 400;\">Nostalgia<\/span><\/i><span style=\"font-weight: 400;\">, in cui l\u2019artista esplora i temi del tempo perduto e del desiderio del passato. Il catalogo \u00e8 arricchito da un\u2019introduzione della direttrice delle Gallerie Costiere di Pirano, Mara Ambro\u017ei\u010d Verderber, e da un saggio critico del filosofo kosovaro Shk\u00eblzen Maliqi. Quest\u2019ultimo spiega l\u2019estetica dinamica dell\u2019opera, che unisce delicatezza, inquietudine e sincerit\u00e0. La presentazione e la conversazione con l\u2019artista saranno condotte dal <\/span><b>curatore del catalogo, Matic Bukovac<\/b><span style=\"font-weight: 400;\">. <\/span><\/p>\n<p><span style=\"color: #0000ff;\"><a style=\"color: #0000ff;\" href=\"https:\/\/www.obalne-galerije.si\/it\/presentazione-del-catalogo-gani-llalloshi-nostalgia\/\"><span style=\"font-weight: 400;\">Maggiori informazioni al link&#8230;<\/span><\/a><\/span><\/p>\n<p>&nbsp;<\/p>\n<p><b>Visita guidata della mostra <\/b><b><i>Intrecci<\/i><\/b><\/p>\n<p><span style=\"font-weight: 400;\">La mostra collettiva <\/span><i><span style=\"font-weight: 400;\">Intrecci<\/span><\/i><span style=\"font-weight: 400;\"> \u00e8 il risultato della collaborazione tra le Gallerie Costiere di Pirano e la Galleria Civica di Albona. Riunisce giovani artisti istriani che, con approcci e concetti diversi, operano in vari media. Per loro, la Galleria Monfort rappresenta un\u2019opportunit\u00e0 di dialogo dinamico tra espressioni personali e temi culturali e sociali comuni, come le migrazioni, l\u2019ambiente e le ricerche scientifiche. <\/span><b>Prima della chiusura della mostra, venerd\u00ec 23 maggio 2025 alle ore 16.30, \u00e8 prevista una visita guidata gratuita con la curatrice Stephanie Per\u0161i\u0107. <\/b><\/p>\n<p><span style=\"color: #0000ff;\"><a style=\"color: #0000ff;\" href=\"https:\/\/www.obalne-galerije.si\/it\/intrecci-porte-aperte-2024\/\"><span style=\"font-weight: 400;\">Maggiori informazioni al link\u2026<\/span><\/a><\/span><\/p>\n<p>&nbsp;<\/p>\n<p><b><i>La notte dei musei d\u2019estate<\/i><\/b><b> alle Gallerie Costiere di Pirano<\/b><\/p>\n<p><i><span style=\"font-weight: 400;\">La notte dei musei d\u2019estate<\/span><\/i><span style=\"font-weight: 400;\"> rappresenta la maggiore iniziativa di promozione dei musei sloveni, delle gallerie e di altre istituzioni che operano nel campo del patrimonio culturale, dell\u2019arte, della cultura e della storia. Dal 2002 si svolge sotto l\u2019egida della Comunit\u00e0 dei Musei della Slovenia, e quest\u2019anno si terr\u00e0 sabato 21 giugno.<\/span><span style=\"font-weight: 400;\"><br \/>\n<\/span><span style=\"font-weight: 400;\">Le Gallerie Costiere di Pirano parteciperanno con eventi a Capodistria e Pirano.<\/span><span style=\"font-weight: 400;\"><br \/>\n<\/span><span style=\"font-weight: 400;\">Presso la Galleria Civica di Pirano si terranno due visite guidate della mostra <\/span><i><span style=\"font-weight: 400;\">Il mondo grigio \u00e8 blu e verde<\/span><\/i><span style=\"font-weight: 400;\"> di Primo\u017e Bizjak. Le visite saranno condotte dal curatore ospite I\u0161tvan I\u0161t Huzjan: alle 17.00 in lingua slovena e alle 18.00 in lingua italiana.<\/span><span style=\"font-weight: 400;\"><br \/>\n<\/span><span style=\"font-weight: 400;\">Alla Galleria Lo\u017ea di Capodistria, alle ore 19.00, si terr\u00e0 una visita guidata della mostra <\/span><i><span style=\"font-weight: 400;\">Intrusi, non invitati nel caos<\/span><\/i><span style=\"font-weight: 400;\"> e un incontro con l\u2019artista Andrej \u0160kufca.<\/span><\/p>\n<hr \/>\n<p>&nbsp;<\/p>\n<h4><b>PROGETTI EDUCATIVI<\/b><\/h4>\n<p><b>Anche quest\u2019anno l\u2019Asilo Mornar\u010dek Pirano presso la Galleria Herman Pe\u010dari\u010d<\/b><span style=\"font-weight: 400;\"><br \/>\n<\/span><span style=\"font-weight: 400;\">Continua anche quest\u2019anno la pluriennale e proficua collaborazione con l\u2019Asilo Mornar\u010dek di Pirano. I pi\u00f9 piccoli presenteranno in mostra le loro creazioni, realizzate durante l\u2019intero anno. Durante la visita alla galleria, i giovani curiosi riprodurranno anche le opere del pittore locale Herman Pe\u010dari\u010d, presenti nella collezione permanente della galleria. Il progetto UNESCO di quest\u2019anno mira a motivare bambini, alunni e studenti a esplorare il mondo del tessile, degli abiti e dei costumi tradizionali, ieri e oggi, incoraggiandoli a conoscere il patrimonio culturale in questo ambito e a sviluppare un pensiero critico sul tema della moda veloce e sull\u2019impatto dell\u2019industria tessile contemporanea sull\u2019ambiente. <\/span><\/p>\n<p><b>La tradizionale presentazione delle opere dei bambini, realizzate durante l\u2019anno nel quadro dei laboratori creativi degli educatori dell\u2019asilo,<\/b> <b>sar\u00e0 visitabile dal 27 maggio al 10 giugno 2025.<\/b><\/p>\n","protected":false},"featured_media":24182,"template":"","class_list":["post-25033","monthly_overview","type-monthly_overview","status-publish","has-post-thumbnail","hentry"],"acf":[],"_links":{"self":[{"href":"https:\/\/www.obalne-galerije.si\/it\/wp-json\/wp\/v2\/monthly_overview\/25033","targetHints":{"allow":["GET"]}}],"collection":[{"href":"https:\/\/www.obalne-galerije.si\/it\/wp-json\/wp\/v2\/monthly_overview"}],"about":[{"href":"https:\/\/www.obalne-galerije.si\/it\/wp-json\/wp\/v2\/types\/monthly_overview"}],"wp:featuredmedia":[{"embeddable":true,"href":"https:\/\/www.obalne-galerije.si\/it\/wp-json\/wp\/v2\/media\/24182"}],"wp:attachment":[{"href":"https:\/\/www.obalne-galerije.si\/it\/wp-json\/wp\/v2\/media?parent=25033"}],"curies":[{"name":"wp","href":"https:\/\/api.w.org\/{rel}","templated":true}]}}