{"id":19142,"date":"2023-09-29T00:10:15","date_gmt":"2023-09-28T22:10:15","guid":{"rendered":"https:\/\/www.obalne-galerije.si\/?post_type=monthly_overview&#038;p=19142"},"modified":"2023-10-03T16:41:28","modified_gmt":"2023-10-03T14:41:28","slug":"appuntamenti-di-ottobre-2023","status":"publish","type":"monthly_overview","link":"https:\/\/www.obalne-galerije.si\/it\/monthly_overview\/appuntamenti-di-ottobre-2023\/","title":{"rendered":"Appuntamenti di ottobre 2023"},"content":{"rendered":"<section class=\"kc-elm kc-css-638540 kc_row\"><div class=\"kc-row-container  kc-container\"><div class=\"kc-wrap-columns\"><div class=\"kc-elm kc-css-118045 kc_col-sm-12 kc_column kc_col-sm-12\"><div class=\"kc-col-container\"><div class=\"kc-elm kc-css-283852 kc_text_block\"><\/p>\n<p>Il simposio internazionale di scultura <strong><em>Forma viva Portorose<\/em><\/strong> che vanta ormai sessant&#039;anni di attivit\u00e0, d\u00e0 la possibilit\u00e0 agli artisti provenienti da tutto il mondo, di confrontarsi con dei grandi formati di materiale da scultura, la pietra. In quest\u2019atmosfera tesa, dove ci si preoccupa delle questioni ecologiche, i paesaggi urbani e le oasi verdi con le sculture, diventano spazi dove \u00e8 possibile porsi questioni sull&#039;ambiente e su un rapporto pi\u00f9 responsabile e rispettoso dell&#039;uomo con la natura. Ecco perch\u00e9 anche il simposio di quest&#039;anno, intitolato <strong><em>Arte &#038; natura<\/em><\/strong>, mantiene il tema del rapporto tra arte e natura, stabilito due anni fa. Il sito di lavoro sulla penisola di Sezza \u00e8 entrato nel vivo da luned\u00ec, 25 settembre 2023. Due artisti, presenti e attivi da molti anni in patria e sulla scena artistica internazionale, stanno affrontando i maestosi blocchi di pietra istriana Kanfanar \u2013 <em>la pietra Gialla istriana<\/em> \u2013 <strong>I\u0161tvan I\u0161t Huzjan <\/strong>dalla Slovenia ed<strong> Emma J\u00e4\u00e4skel\u00e4inen<\/strong> dalla Finlandia. Entrambi gli artisti fanno parte delle nuove generazioni che usano la vocazione artistica per un\u2019attivit\u00e0 sociale consapevole.<\/p>\n<p>Il simposio si svolge sotto la guida della curatrice delle Gallerie costiere Pirano (GCP) <strong>dr.<\/strong> <strong>Majda Bo\u017eeglav Japelj<\/strong> con l&#039;aiuto del collettivo delle GCP e di alcuni collaboratori esterni. L&#039;evento di quest&#039;anno e tutte le attivit\u00e0 di accompagnamento si svolgono in collaborazione con numerosi partner: Vinakoper, Okolje Pirano, Comunit\u00e0 Italiana Giuseppe Tartini Pirano, CAN e Circolo Culturale Il Faro Reana del Rojale, che organizza un simposio di scultura a Vergnacco in Friuli-Venezia Giulia. Da qui provengono anche gli assistenti al simposio di quest&#039;anno, due maestri della pietra, <strong>Pablo Augusto Garelli<\/strong> e <strong>Franco Cadeddu. <\/strong>Hanno reso possibile l\u2019edizione di quest\u2019anno il <strong>Ministero della cultura della RS<\/strong> e i due <strong>comuni costieri: Pirano e Ancarano.<\/strong><\/p>\n<p><span style=\"font-style: inherit; font-family: -apple-system, BlinkMacSystemFont, \"Segoe UI\", Roboto, Oxygen-Sans, Ubuntu, Cantarell, \"Helvetica Neue\", sans-serif;\">In occasione della festa comunale di Pirano, si terr\u00e0 venerd\u00ec, <\/span><strong style=\"font-style: inherit; font-family: -apple-system, BlinkMacSystemFont, \"Segoe UI\", Roboto, Oxygen-Sans, Ubuntu, Cantarell, \"Helvetica Neue\", sans-serif;\">13 ottobre 2023, alle ore 12.00,<\/strong><span style=\"font-style: inherit; font-family: -apple-system, BlinkMacSystemFont, \"Segoe UI\", Roboto, Oxygen-Sans, Ubuntu, Cantarell, \"Helvetica Neue\", sans-serif;\"> presso il sito di lavoro di Forma viva una <\/span><strong style=\"font-style: inherit; font-family: -apple-system, BlinkMacSystemFont, \"Segoe UI\", Roboto, Oxygen-Sans, Ubuntu, Cantarell, \"Helvetica Neue\", sans-serif;\"><em>Giornata al parco<\/em><\/strong><span style=\"font-style: inherit; font-family: -apple-system, BlinkMacSystemFont, \"Segoe UI\", Roboto, Oxygen-Sans, Ubuntu, Cantarell, \"Helvetica Neue\", sans-serif;\">, un incontro informale con scultori e organizzatori, mentre come da tradizione trascorreremo la cerimonia solenne di <\/span><strong style=\"font-style: inherit; font-family: -apple-system, BlinkMacSystemFont, \"Segoe UI\", Roboto, Oxygen-Sans, Ubuntu, Cantarell, \"Helvetica Neue\", sans-serif;\"><em>conclusione della Forma viva<\/em><\/strong><span style=\"font-style: inherit; font-family: -apple-system, BlinkMacSystemFont, \"Segoe UI\", Roboto, Oxygen-Sans, Ubuntu, Cantarell, \"Helvetica Neue\", sans-serif;\"> sul sito di lavoro con caldarroste e vino sabato, <\/span><strong style=\"font-style: inherit; font-family: -apple-system, BlinkMacSystemFont, \"Segoe UI\", Roboto, Oxygen-Sans, Ubuntu, Cantarell, \"Helvetica Neue\", sans-serif;\">28 ottobre 2023, alle ore 12.00. <\/strong><span style=\"font-style: inherit; font-family: -apple-system, BlinkMacSystemFont, \"Segoe UI\", Roboto, Oxygen-Sans, Ubuntu, Cantarell, \"Helvetica Neue\", sans-serif;\">Durante il mese del simposio di scultura Forma viva a Portorose, si svolger\u00e0 un programma di accompagnamento ricco di contenuti. <\/span><a href=\"https:\/\/www.obalne-galerije.si\/it\/forma-viva-2023\/\" style=\"font-style: inherit; font-family: -apple-system, BlinkMacSystemFont, \"Segoe UI\", Roboto, Oxygen-Sans, Ubuntu, Cantarell, \"Helvetica Neue\", sans-serif;\">Maggiori informazioni al link\u2026<\/a><\/p>\n<p>\n<\/div>\n<div class=\"kc-elm kc-css-526909 divider_line\">\n\t<div class=\"divider_inner divider_line1\">\n\t\t\t<\/div>\n<\/div>\n<div class=\"kc-elm kc-css-630535 kc_text_block\"><\/p>\n<p><span style=\"font-style: inherit; font-family: -apple-system, BlinkMacSystemFont, \"Segoe UI\", Roboto, Oxygen-Sans, Ubuntu, Cantarell, \"Helvetica Neue\", sans-serif;\">La quinta edizione di <\/span><strong style=\"font-style: inherit; font-family: -apple-system, BlinkMacSystemFont, \"Segoe UI\", Roboto, Oxygen-Sans, Ubuntu, Cantarell, \"Helvetica Neue\", sans-serif;\"><em>Spekula<\/em><\/strong><span style=\"font-style: inherit; font-family: -apple-system, BlinkMacSystemFont, \"Segoe UI\", Roboto, Oxygen-Sans, Ubuntu, Cantarell, \"Helvetica Neue\", sans-serif;\"> organizzata dalla Facolt\u00e0 di studi educativi dell\u2019Universit\u00e0 del Litorale in collaborazione con le Gallerie costiere Pirano inizier\u00e0 con l\u2019inaugurazione della mostra principale <\/span><strong style=\"font-style: inherit; font-family: -apple-system, BlinkMacSystemFont, \"Segoe UI\", Roboto, Oxygen-Sans, Ubuntu, Cantarell, \"Helvetica Neue\", sans-serif;\"><em>La memoria del visibile e il contatto<\/em> alla Galleria Loggia a Capodistria, il 5 ottobre 2023, alle 18.00. <\/strong><span style=\"font-style: inherit; font-family: -apple-system, BlinkMacSystemFont, \"Segoe UI\", Roboto, Oxygen-Sans, Ubuntu, Cantarell, \"Helvetica Neue\", sans-serif;\">L&#039;edizione di quest&#039;anno mette in discussione le esperienze e le ricerche degli autori, che utilizzano le proprie attivit\u00e0 per percepire le proprie scoperte individuali attraverso una visione e un tocco personale delle proprie creazioni, che generano continuamente nuovi ricordi, verit\u00e0 e stimoli. Laddove il titolo della mostra suggerisce lo studio del visibile e della memoria, incontriamo un gruppo di autori quotati ad alto livello sia sulla scena artistica slovena che quella internazionale: <\/span><strong style=\"font-style: inherit; font-family: -apple-system, BlinkMacSystemFont, \"Segoe UI\", Roboto, Oxygen-Sans, Ubuntu, Cantarell, \"Helvetica Neue\", sans-serif;\">Du\u0161a Jesih, Rajko Apollonio, Miha \u0160trukelj, Maxime Berthou e Mark Po\u017elep.\u00a0 <\/strong><span style=\"font-style: inherit; font-family: -apple-system, BlinkMacSystemFont, \"Segoe UI\", Roboto, Oxygen-Sans, Ubuntu, Cantarell, \"Helvetica Neue\", sans-serif;\">Alla mostra, curata dal direttore artistico della manifestazione, il professore associato <\/span><strong style=\"font-style: inherit; font-family: -apple-system, BlinkMacSystemFont, \"Segoe UI\", Roboto, Oxygen-Sans, Ubuntu, Cantarell, \"Helvetica Neue\", sans-serif;\">dr. Tilen \u017dbona<\/strong><span style=\"font-style: inherit; font-family: -apple-system, BlinkMacSystemFont, \"Segoe UI\", Roboto, Oxygen-Sans, Ubuntu, Cantarell, \"Helvetica Neue\", sans-serif;\">, si intrecciano lavori che indicano la complessit\u00e0 e una crescita individuale del linguaggio artistico e il contesto delle attivit\u00e0 individuali. Spekula 2023 \u00e8 accompagnata da vari eventi: tavole rotonde, mostre minori, visite degli spazi espositivi e laboratori creativi. <\/span><a href=\"https:\/\/www.obalne-galerije.si\/it\/spekula-2023\/\" style=\"font-style: inherit; font-family: -apple-system, BlinkMacSystemFont, \"Segoe UI\", Roboto, Oxygen-Sans, Ubuntu, Cantarell, \"Helvetica Neue\", sans-serif;\">Maggiori informazioni al link\u2026<\/a><\/p>\n<p>\n<\/div>\n<div class=\"kc-elm kc-css-217089 divider_line\">\n\t<div class=\"divider_inner divider_line1\">\n\t\t\t<\/div>\n<\/div>\n<div class=\"kc-elm kc-css-388109 kc_text_block\"><\/p>\n<p><strong style=\"font-style: inherit; font-family: -apple-system, BlinkMacSystemFont, \"Segoe UI\", Roboto, Oxygen-Sans, Ubuntu, Cantarell, \"Helvetica Neue\", sans-serif;\"><em>La Giornata del Contemporaneo 2023<\/em><\/strong><em style=\"font-family: -apple-system, BlinkMacSystemFont, \"Segoe UI\", Roboto, Oxygen-Sans, Ubuntu, Cantarell, \"Helvetica Neue\", sans-serif;\">,<\/em><span style=\"font-style: inherit; font-family: -apple-system, BlinkMacSystemFont, \"Segoe UI\", Roboto, Oxygen-Sans, Ubuntu, Cantarell, \"Helvetica Neue\", sans-serif;\"> dedicata all&#039;arte contemporanea, organizzata dall\u2019associazione italiana AMACI (Associazione dei musei d&#039;arte contemporanea italiani) si svolger\u00e0 in Italia sabato 7 ottobre 2023. Coinvolge musei, fondazioni, istituzioni pubbliche e private, gallerie, studi e spazi d\u2019artista su tutto il territorio italiano. Grazie al sostegno della rete diplomatica e consolare italiana, l\u2019evento si estender\u00e0 all\u2019estero dal 7 ottobre al 13 ottobre 2023, includendo anche la Slovenia. Gli organizzatori &#8211; Consolato Generale d\u2019Italia a Capodistria, Ambasciata d&#039;Italia a Lubiana e Istituto Italiano di Cultura a Lubiana \u2013 hanno invitato le Gallerie costiere Pirano a collaborare all\u2019evento. L\u2019evento congiunto si svolger\u00e0 <\/span><strong style=\"font-style: inherit; font-family: -apple-system, BlinkMacSystemFont, \"Segoe UI\", Roboto, Oxygen-Sans, Ubuntu, Cantarell, \"Helvetica Neue\", sans-serif;\">gioved\u00ec, 12 ottobre 2023, alla Galleria civica Pirano. Alle ore 15.00 si svolgeranno la presentazione e la visita guidata alla mostra <\/strong><strong style=\"font-style: inherit; font-family: -apple-system, BlinkMacSystemFont, \"Segoe UI\", Roboto, Oxygen-Sans, Ubuntu, Cantarell, \"Helvetica Neue\", sans-serif;\"><em>Non tutto \u00e8 come appare<\/em><\/strong><span style=\"font-style: inherit; font-family: -apple-system, BlinkMacSystemFont, \"Segoe UI\", Roboto, Oxygen-Sans, Ubuntu, Cantarell, \"Helvetica Neue\", sans-serif;\"> e <\/span><strong style=\"font-style: inherit; font-family: -apple-system, BlinkMacSystemFont, \"Segoe UI\", Roboto, Oxygen-Sans, Ubuntu, Cantarell, \"Helvetica Neue\", sans-serif;\">la presentazione del lavoro di Tiara Strgulc<\/strong><span style=\"font-style: inherit; font-family: -apple-system, BlinkMacSystemFont, \"Segoe UI\", Roboto, Oxygen-Sans, Ubuntu, Cantarell, \"Helvetica Neue\", sans-serif;\">, la giovane laureata all\u2019IED di Milano. Alle 17.00 si continuer\u00e0 con la tavola rotonda inerente alla presentazione delle buone pratiche museali nello spazio Alpe-Adria dal titolo <\/span><strong style=\"font-style: inherit; font-family: -apple-system, BlinkMacSystemFont, \"Segoe UI\", Roboto, Oxygen-Sans, Ubuntu, Cantarell, \"Helvetica Neue\", sans-serif;\"><em>Il futuro dei musei e i depositi d\u2019arte<\/em><\/strong><strong style=\"font-style: inherit; font-family: -apple-system, BlinkMacSystemFont, \"Segoe UI\", Roboto, Oxygen-Sans, Ubuntu, Cantarell, \"Helvetica Neue\", sans-serif;\">. <\/strong><span style=\"font-style: inherit; font-family: -apple-system, BlinkMacSystemFont, \"Segoe UI\", Roboto, Oxygen-Sans, Ubuntu, Cantarell, \"Helvetica Neue\", sans-serif;\">Collaboreranno personaggi di spicco locali e nazionali. Ha confermato la sua partecipazione alla Galleria Civica a Pirano anche il Console Generale d&#039;Italia a Capodistria, il signor <\/span><strong style=\"font-style: inherit; font-family: -apple-system, BlinkMacSystemFont, \"Segoe UI\", Roboto, Oxygen-Sans, Ubuntu, Cantarell, \"Helvetica Neue\", sans-serif;\">Giovanni Coviello<\/strong><span style=\"font-style: inherit; font-family: -apple-system, BlinkMacSystemFont, \"Segoe UI\", Roboto, Oxygen-Sans, Ubuntu, Cantarell, \"Helvetica Neue\", sans-serif;\">. <\/span><a href=\"https:\/\/www.obalne-galerije.si\/it\/giornata-del-contemporaneo\/\" style=\"font-style: inherit; font-family: -apple-system, BlinkMacSystemFont, \"Segoe UI\", Roboto, Oxygen-Sans, Ubuntu, Cantarell, \"Helvetica Neue\", sans-serif;\">Maggiori informazioni al link\u2026<\/a><\/p>\n<p>\n<\/div>\n<div class=\"kc-elm kc-css-108222 divider_line\">\n\t<div class=\"divider_inner divider_line1\">\n\t\t\t<\/div>\n<\/div>\n<div class=\"kc-elm kc-css-401172 kc_text_block\"><\/p>\n<p><strong style=\"font-style: inherit; font-family: -apple-system, BlinkMacSystemFont, \"Segoe UI\", Roboto, Oxygen-Sans, Ubuntu, Cantarell, \"Helvetica Neue\", sans-serif;\">Le attivit\u00e0 didattiche del mese di ottobre<\/strong><span style=\"font-style: inherit; font-family: -apple-system, BlinkMacSystemFont, \"Segoe UI\", Roboto, Oxygen-Sans, Ubuntu, Cantarell, \"Helvetica Neue\", sans-serif;\">, organizzate dalla curatrice-pedagoga <\/span><strong style=\"font-style: inherit; font-family: -apple-system, BlinkMacSystemFont, \"Segoe UI\", Roboto, Oxygen-Sans, Ubuntu, Cantarell, \"Helvetica Neue\", sans-serif;\">Ana Pape\u017e<\/strong><span style=\"font-style: inherit; font-family: -apple-system, BlinkMacSystemFont, \"Segoe UI\", Roboto, Oxygen-Sans, Ubuntu, Cantarell, \"Helvetica Neue\", sans-serif;\">, saranno ricche di contenuti. Ogni anno, ma soprattutto negli anni in cui si svolge il simposio di scultura <\/span><strong style=\"font-style: inherit; font-family: -apple-system, BlinkMacSystemFont, \"Segoe UI\", Roboto, Oxygen-Sans, Ubuntu, Cantarell, \"Helvetica Neue\", sans-serif;\"><em>Forma viva Portorose<\/em><\/strong><span style=\"font-style: inherit; font-family: -apple-system, BlinkMacSystemFont, \"Segoe UI\", Roboto, Oxygen-Sans, Ubuntu, Cantarell, \"Helvetica Neue\", sans-serif;\"> e sul sito di lavoro vengono lavorate le pietre e si alza la polvere, si svolgono <\/span><strong style=\"font-style: inherit; font-family: -apple-system, BlinkMacSystemFont, \"Segoe UI\", Roboto, Oxygen-Sans, Ubuntu, Cantarell, \"Helvetica Neue\", sans-serif;\">i laboratori creativi <em>Scolpiamo insieme<\/em><\/strong><span style=\"font-style: inherit; font-family: -apple-system, BlinkMacSystemFont, \"Segoe UI\", Roboto, Oxygen-Sans, Ubuntu, Cantarell, \"Helvetica Neue\", sans-serif;\">, quest\u2019anno in collaborazione con la scultrice accademica <\/span><strong style=\"font-style: inherit; font-family: -apple-system, BlinkMacSystemFont, \"Segoe UI\", Roboto, Oxygen-Sans, Ubuntu, Cantarell, \"Helvetica Neue\", sans-serif;\">Tia Avsec<\/strong><span style=\"font-style: inherit; font-family: -apple-system, BlinkMacSystemFont, \"Segoe UI\", Roboto, Oxygen-Sans, Ubuntu, Cantarell, \"Helvetica Neue\", sans-serif;\">. Gli alunni delle scuole elementari e gli studenti delle scuole superiori, conosceranno la storia del parco di sculture Forma viva e dopo la visita guidata affronteranno un cubo di siporex e utilizzeranno gli strumenti di scultura per trasformarlo in una scultura. I laboratori all&#039;aperto sono destinati, previo avviso, anche agli adulti, perch\u00e9 scolpire in un uliveto in compagnia degli scultori \u00e8 una grande sfida e un&#039;esperienza indimenticabile.<\/span><\/p>\n<p><strong>I laboratori didattici<\/strong> si svolgeranno anche alla <strong>Galleria Monfort<\/strong> di Portorose in contemporanea alla mostra Ex-tempore Pirano, che ogni anno attira numerosi visitatori. I giovani possono cos\u00ec conoscere la storia e lo svolgimento di questo tradizionale evento internazionale, nonch\u00e9 le diverse tecniche e motivi pittorici. In accompagnamento alla mostra <strong><em>Non tutto \u00e8 come appare <\/em><\/strong>nel mese di ottobre si svolger\u00e0 un altro laboratorio didattico gestito da una delle artiste della mostra, <strong>Meta Grgurevi\u010d<\/strong>, che presenter\u00e0 in breve il suo metodo di lavoro \u2013 la scultura cinetica. <a href=\"https:\/\/www.obalne-galerije.si\/it\/attivita-didattiche-nel-mese-di-ottobre-2023\/\">Maggiori informazioni al link\u2026<\/a><\/p>\n<p>\n<\/div>\n<div class=\"kc-elm kc-css-581272 divider_line\">\n\t<div class=\"divider_inner divider_line1\">\n\t\t\t<\/div>\n<\/div>\n<div class=\"kc-elm kc-css-241455 kc_text_block\"><\/p>\n<p><span style=\"font-style: inherit; font-family: -apple-system, BlinkMacSystemFont, \"Segoe UI\", Roboto, Oxygen-Sans, Ubuntu, Cantarell, \"Helvetica Neue\", sans-serif;\">Anche quest&#039;anno le Gallerie costiere Pirano hanno pubblicato il bando <\/span><strong style=\"font-style: inherit; font-family: -apple-system, BlinkMacSystemFont, \"Segoe UI\", Roboto, Oxygen-Sans, Ubuntu, Cantarell, \"Helvetica Neue\", sans-serif;\"><em>Porte aperte<\/em><\/strong><span style=\"font-style: inherit; font-family: -apple-system, BlinkMacSystemFont, \"Segoe UI\", Roboto, Oxygen-Sans, Ubuntu, Cantarell, \"Helvetica Neue\", sans-serif;\">, con l&#039;obiettivo di includere in modo democratico nuove produzioni artistiche e progetti contemporanei alternativi nel programma delle gallerie nel campo delle arti visive. Il bando si \u00e8 concluso in primavera, quando la commissione giudicatrice (dr. Martina Vovk, direttrice ad interim della Galleria moderna di Lubiana, Mara Ambro\u017ei\u010d Verderber, direttrice delle Gallerie costiere Pirano, dr. Majda Bo\u017eeglav Japelj, curatrice e consigliere museale delle GCP, Ana Pape\u017e, curatrice-pedagoga delle GCP e Tatjana Sirk, curatrice e consulente museale delle GCP) ha esaminato e valutato, seguendo le richieste del bando, 34 progetti pervenuti. Quattro progetti sono arrivati nel finale, due sono stati gli autori scelti per la mostra alle GCP: <\/span><strong style=\"font-style: inherit; font-family: -apple-system, BlinkMacSystemFont, \"Segoe UI\", Roboto, Oxygen-Sans, Ubuntu, Cantarell, \"Helvetica Neue\", sans-serif;\">Ne\u017eka Zamar<\/strong><span style=\"font-style: inherit; font-family: -apple-system, BlinkMacSystemFont, \"Segoe UI\", Roboto, Oxygen-Sans, Ubuntu, Cantarell, \"Helvetica Neue\", sans-serif;\">, artista interdisciplinare della generazione pi\u00f9 giovane, diplomata all&#039;Accademia di Belle Arti di Venezia (per la mostra alla Galleria Loggia di Capodistria) e <\/span><strong style=\"font-style: inherit; font-family: -apple-system, BlinkMacSystemFont, \"Segoe UI\", Roboto, Oxygen-Sans, Ubuntu, Cantarell, \"Helvetica Neue\", sans-serif;\">Hannes Zebedin<\/strong><span style=\"font-style: inherit; font-family: -apple-system, BlinkMacSystemFont, \"Segoe UI\", Roboto, Oxygen-Sans, Ubuntu, Cantarell, \"Helvetica Neue\", sans-serif;\">, scultore accademico austriaco, che vive e crea sul Carso sloveno (per la mostra alla Galleria Herman Pe\u010dari\u010d a Pirano). Le due mostre apriranno il calendario di programmazione per l&#039;anno 2024. <\/span><a href=\"https:\/\/www.obalne-galerije.si\/it\/bando-pubblico-porte-aperte-2023\/\" style=\"font-style: inherit; font-family: -apple-system, BlinkMacSystemFont, \"Segoe UI\", Roboto, Oxygen-Sans, Ubuntu, Cantarell, \"Helvetica Neue\", sans-serif;\">Maggiori informazioni al link\u2026<\/a><\/p>\n<p>\n<\/div><\/div><\/div><\/div><\/div><\/section>\n","protected":false},"featured_media":19122,"template":"","class_list":["post-19142","monthly_overview","type-monthly_overview","status-publish","has-post-thumbnail","hentry"],"acf":[],"_links":{"self":[{"href":"https:\/\/www.obalne-galerije.si\/it\/wp-json\/wp\/v2\/monthly_overview\/19142","targetHints":{"allow":["GET"]}}],"collection":[{"href":"https:\/\/www.obalne-galerije.si\/it\/wp-json\/wp\/v2\/monthly_overview"}],"about":[{"href":"https:\/\/www.obalne-galerije.si\/it\/wp-json\/wp\/v2\/types\/monthly_overview"}],"wp:featuredmedia":[{"embeddable":true,"href":"https:\/\/www.obalne-galerije.si\/it\/wp-json\/wp\/v2\/media\/19122"}],"wp:attachment":[{"href":"https:\/\/www.obalne-galerije.si\/it\/wp-json\/wp\/v2\/media?parent=19142"}],"curies":[{"name":"wp","href":"https:\/\/api.w.org\/{rel}","templated":true}]}}